{"id":6516,"date":"2024-09-28T19:58:28","date_gmt":"2024-09-28T17:58:28","guid":{"rendered":"https:\/\/redestudiosafricanos.org\/?post_type=comunicacion&#038;p=6516"},"modified":"2024-10-07T11:43:31","modified_gmt":"2024-10-07T09:43:31","slug":"o-ancoradouro-do-tempo-sol-de-carvalho-2023-una-adaptacion-en-coproduccion","status":"publish","type":"comunicacion","link":"https:\/\/redestudiosafricanos.org\/ca\/comunicacion\/o-ancoradouro-do-tempo-sol-de-carvalho-2023-una-adaptacion-en-coproduccion\/","title":{"rendered":"O ancoradouro do tempo. (Sol de Carvalho, 2023). Una adaptaci\u00f3n en coproducci\u00f3n."},"content":{"rendered":"<p>Las adaptaciones de obras literarias han tenido un peso fuerte en el conjunto de las pel\u00edculas coproducidas entre empresas mozambique\u00f1as y empresas o instituciones de otros pa\u00edses, particularmente Portugal. La obra literaria de Mia Couto, por otro lado, ha sido objeto de numerosas adaptaciones, tanto en forma de cortometrajes como de largometrajes. En el caso de estos \u00faltimos, de los cinco realizados hasta el momento, cuatro son coproducciones de Mozambique con Portugal y uno exclusivamente portugu\u00e9s. Dirigida por Sol de Carvalho, O ancoradouro do tempo es la \u00faltima, hasta el momento, de estas coproducciones, con la particularidad de que el propio Couto es autor de los di\u00e1logos. Se trata pues de una obra en la que desde el principio se plantea la colaboraci\u00f3n entre el director y el escritor con el fin de tratar de llevar a otro medio distinto de la escritura, no el relato, sino el universo po\u00e9tico del escritor. El inter\u00e9s de O ancoradouro do tempo va m\u00e1s all\u00e1 del que suponen las relaciones intermediales: tanto Mia Couto como Sol de Carvalho entienden las artes como elementos constructivos de una identidad mozambique\u00f1a y africana, lo que evidentemente trae consigo una reflexi\u00f3n sobre la situaci\u00f3n poscolonial y la actualidad. Esta contribuci\u00f3n propone, finalmente, examinar la dial\u00e9ctica o la negociaci\u00f3n que pueda darse entre esta construcci\u00f3n de la identidad y el car\u00e1cter transnacional de la coproducci\u00f3n.<\/p>\n","protected":false},"author":81,"featured_media":0,"template":"","meta":{"_acf_changed":false,"_et_pb_use_builder":"","_et_pb_old_content":"","_et_gb_content_width":"","footnotes":""},"ciea":[87],"class_list":["post-6516","comunicacion","type-comunicacion","status-publish","hentry","ciea-ciea12"],"acf":[],"_links":{"self":[{"href":"https:\/\/redestudiosafricanos.org\/ca\/wp-json\/wp\/v2\/comunicacion\/6516","targetHints":{"allow":["GET"]}}],"collection":[{"href":"https:\/\/redestudiosafricanos.org\/ca\/wp-json\/wp\/v2\/comunicacion"}],"about":[{"href":"https:\/\/redestudiosafricanos.org\/ca\/wp-json\/wp\/v2\/types\/comunicacion"}],"author":[{"embeddable":true,"href":"https:\/\/redestudiosafricanos.org\/ca\/wp-json\/wp\/v2\/users\/81"}],"version-history":[{"count":1,"href":"https:\/\/redestudiosafricanos.org\/ca\/wp-json\/wp\/v2\/comunicacion\/6516\/revisions"}],"predecessor-version":[{"id":6517,"href":"https:\/\/redestudiosafricanos.org\/ca\/wp-json\/wp\/v2\/comunicacion\/6516\/revisions\/6517"}],"wp:attachment":[{"href":"https:\/\/redestudiosafricanos.org\/ca\/wp-json\/wp\/v2\/media?parent=6516"}],"wp:term":[{"taxonomy":"ciea","embeddable":true,"href":"https:\/\/redestudiosafricanos.org\/ca\/wp-json\/wp\/v2\/ciea?post=6516"}],"curies":[{"name":"wp","href":"https:\/\/api.w.org\/{rel}","templated":true}]}}