{"id":4731,"date":"2024-07-10T02:35:57","date_gmt":"2024-07-10T00:35:57","guid":{"rendered":"https:\/\/redestudiosafricanos.org\/?post_type=comunicacion&#038;p=4731"},"modified":"2024-10-07T11:41:58","modified_gmt":"2024-10-07T09:41:58","slug":"joseph-ki-zerbo-entre-a-fe-catolica-e-a-militancia-anticolonialista-em-africa","status":"publish","type":"comunicacion","link":"https:\/\/redestudiosafricanos.org\/en\/comunicacion\/joseph-ki-zerbo-entre-a-fe-catolica-e-a-militancia-anticolonialista-em-africa\/","title":{"rendered":"Joseph Ki-Zerbo: Entre a F\u00e9 Cat\u00f3lica e a Milit\u00e2ncia Anticolonialista em \u00c1frica"},"content":{"rendered":"<p>Nascido em 21 de julho de 1922, na aldeia de Toma, localizada no Noroeste do Alto Volta, atual Burkina Faso, que era ent\u00e3o uma das col\u00f4nias francesas da \u00c1frica Ocidental \u2013 \u00e9 considerado um dos maiores intelectuais e historiadores africanos do s\u00e9culo XX. Sua trajet\u00f3ria se desenvolve entre o ativismo acad\u00eamico em prol da reescrita da Hist\u00f3ria da \u00c1frica, os processos de coloniza\u00e7\u00e3o dos pa\u00edses africanos e as lutas pela liberta\u00e7\u00e3o pol\u00edtica. Ligado aos movimentos panafricanistas no p\u00f3s-independ\u00eancia, sua trajet\u00f3ria d\u00e1 o tom de boa parte dos trabalhos em \u00e2mbito acad\u00eamico que buscam analisar o seu legado intelectual. Entretanto, as pistas e os rastros de sua luta anticolonial nos seios da Igreja Cat\u00f3lica ainda s\u00e3o desconhecidos dentro da academia brasileira. Os silenciamentos hist\u00f3ricos e os n\u00e3o-ditos sobre a sua rela\u00e7\u00e3o com essa institui\u00e7\u00e3o religiosa contribu\u00edram, de forma significativa, para a constru\u00e7\u00e3o e a evidencia\u00e7\u00e3o de interpreta\u00e7\u00f5es e narrativas monoculares, um rosto, por assim dizer, que n\u00e3o nos permite vislumbrar e compreender pontos significativos de sua forma\u00e7\u00e3o intelectual. Extremante conectado com a trajet\u00f3ria de seu pai, o catequista Alfred Simon Diban Ki-Zerbo, considerado o primeiro convertido crist\u00e3o do Alto Volta, e profundamente inserido nas a\u00e7\u00f5es pol\u00edticas e sociais do chamado \u201cAno Africano\u201d e pela A\u00e7\u00e3o Cat\u00f3lica, Ki-Zerbo buscou construir e conciliar as suas lutas pol\u00edticas e intelectuais mesclando as influ\u00eancias e as refer\u00eancias que marcaram profundamente a sua trajet\u00f3ria. Destarte, a presente comunica\u00e7\u00e3o tem por objetivo analisar e evidenciar a trajet\u00f3ria intelectual do professor entre o seu ativismo leigo cat\u00f3lico e as suas lutas contra os processos coloniais no continente africano, bem como evidenciar os contextos hist\u00f3ricos que vivenciou e promoveu com a sua luta pol\u00edtica contra os governos militares, direcionando o seu engajamento para uma educa\u00e7\u00e3o descolonizada, voltada para os princ\u00edpios tradicionais africanos.<\/p>\n","protected":false},"author":962,"featured_media":0,"template":"","meta":{"_acf_changed":false,"_et_pb_use_builder":"","_et_pb_old_content":"","_et_gb_content_width":"","footnotes":""},"ciea":[87],"class_list":["post-4731","comunicacion","type-comunicacion","status-publish","hentry","ciea-ciea12"],"acf":[],"_links":{"self":[{"href":"https:\/\/redestudiosafricanos.org\/en\/wp-json\/wp\/v2\/comunicacion\/4731","targetHints":{"allow":["GET"]}}],"collection":[{"href":"https:\/\/redestudiosafricanos.org\/en\/wp-json\/wp\/v2\/comunicacion"}],"about":[{"href":"https:\/\/redestudiosafricanos.org\/en\/wp-json\/wp\/v2\/types\/comunicacion"}],"author":[{"embeddable":true,"href":"https:\/\/redestudiosafricanos.org\/en\/wp-json\/wp\/v2\/users\/962"}],"version-history":[{"count":1,"href":"https:\/\/redestudiosafricanos.org\/en\/wp-json\/wp\/v2\/comunicacion\/4731\/revisions"}],"predecessor-version":[{"id":4732,"href":"https:\/\/redestudiosafricanos.org\/en\/wp-json\/wp\/v2\/comunicacion\/4731\/revisions\/4732"}],"wp:attachment":[{"href":"https:\/\/redestudiosafricanos.org\/en\/wp-json\/wp\/v2\/media?parent=4731"}],"wp:term":[{"taxonomy":"ciea","embeddable":true,"href":"https:\/\/redestudiosafricanos.org\/en\/wp-json\/wp\/v2\/ciea?post=4731"}],"curies":[{"name":"wp","href":"https:\/\/api.w.org\/{rel}","templated":true}]}}