{"id":5928,"date":"2024-08-27T14:44:15","date_gmt":"2024-08-27T12:44:15","guid":{"rendered":"https:\/\/redestudiosafricanos.org\/?post_type=comunicacion&#038;p=5928"},"modified":"2024-10-07T11:37:23","modified_gmt":"2024-10-07T09:37:23","slug":"le-mali-face-aux-coups-detat-essai-danalyse-de-la-trajectoire-politique-de-larmee-malienne","status":"publish","type":"comunicacion","link":"https:\/\/redestudiosafricanos.org\/en\/comunicacion\/le-mali-face-aux-coups-detat-essai-danalyse-de-la-trajectoire-politique-de-larmee-malienne\/","title":{"rendered":"Le Mali face aux coups d\u2019\u00c9tat. Essai d\u2019analyse de la trajectoire politique de l\u2019arm\u00e9e malienne"},"content":{"rendered":"<p>Consid\u00e9r\u00e9 comme mod\u00e8le de transition d\u00e9mocratique en Afrique de l\u2019Ouest, le Mali traverse, depuis plus d\u2019une d\u00e9cennie, une p\u00e9riode d\u2019instabilit\u00e9 institutionnelle caract\u00e9ris\u00e9e par une s\u00e9rie de coups d\u2019\u00c9tat militaires post d\u00e9mocratie. Apr\u00e8s des \u00e9lections l\u00e9gislatives contest\u00e9es, les militaires prennent le pouvoir suite aux manifestations politiques conduites par le Mouvement du 5 juin\u2013Rassemblement des Forces Patriotiques (M5-RFP). Compos\u00e9 de partis politiques et d\u2019organisations de la soci\u00e9t\u00e9 civile, avec un religieux comme autorit\u00e9 morale, ce mouvement a men\u00e9 la contestation sur fond de lutte contre la corruption, la mauvaise gouvernance mais aussi le rejet des r\u00e9sultats des \u00e9lections l\u00e9gislatives d\u2019avril 2020 manipul\u00e9s par la Cour constitutionnelle au profit du parti d\u2019Ibrahim Boubacar Keita dit IBK. Face aux violences politiques, un coup d\u2019\u00c9tat militaire renverse le Pr\u00e9sident IBK en ao\u00fbt 2020. Un second intervient dix mois apr\u00e8s contre la transition politique dirig\u00e9e par Bah N\u2019daw. Ces \u00e9v\u00e8nements marquent le retour du Mali dans un cycle de coups d\u2019\u00c9tat militaires dont le dernier, qui a instaur\u00e9 la d\u00e9mocratie, remonte \u00e0 mars 1991.  Face cette r\u00e9currence des coups d\u2019Etat militaires, cet article s\u2019appuie sur un essai pour analyser la trajectoire politique de l\u2019arm\u00e9e malienne depuis 1960 jusqu\u2019\u00e0 nos jours.<\/p>\n","protected":false},"author":49,"featured_media":0,"template":"","meta":{"_acf_changed":false,"_et_pb_use_builder":"","_et_pb_old_content":"","_et_gb_content_width":"","footnotes":""},"ciea":[87],"class_list":["post-5928","comunicacion","type-comunicacion","status-publish","hentry","ciea-ciea12"],"acf":[],"_links":{"self":[{"href":"https:\/\/redestudiosafricanos.org\/en\/wp-json\/wp\/v2\/comunicacion\/5928","targetHints":{"allow":["GET"]}}],"collection":[{"href":"https:\/\/redestudiosafricanos.org\/en\/wp-json\/wp\/v2\/comunicacion"}],"about":[{"href":"https:\/\/redestudiosafricanos.org\/en\/wp-json\/wp\/v2\/types\/comunicacion"}],"author":[{"embeddable":true,"href":"https:\/\/redestudiosafricanos.org\/en\/wp-json\/wp\/v2\/users\/49"}],"version-history":[{"count":1,"href":"https:\/\/redestudiosafricanos.org\/en\/wp-json\/wp\/v2\/comunicacion\/5928\/revisions"}],"predecessor-version":[{"id":5929,"href":"https:\/\/redestudiosafricanos.org\/en\/wp-json\/wp\/v2\/comunicacion\/5928\/revisions\/5929"}],"wp:attachment":[{"href":"https:\/\/redestudiosafricanos.org\/en\/wp-json\/wp\/v2\/media?parent=5928"}],"wp:term":[{"taxonomy":"ciea","embeddable":true,"href":"https:\/\/redestudiosafricanos.org\/en\/wp-json\/wp\/v2\/ciea?post=5928"}],"curies":[{"name":"wp","href":"https:\/\/api.w.org\/{rel}","templated":true}]}}