{"id":5957,"date":"2024-08-30T23:52:11","date_gmt":"2024-08-30T21:52:11","guid":{"rendered":"https:\/\/redestudiosafricanos.org\/?post_type=comunicacion&#038;p=5957"},"modified":"2024-10-07T10:22:54","modified_gmt":"2024-10-07T08:22:54","slug":"de-candanga-a-brasiliense-identidade-e-os-falares-de-brasilia","status":"publish","type":"comunicacion","link":"https:\/\/redestudiosafricanos.org\/en\/comunicacion\/de-candanga-a-brasiliense-identidade-e-os-falares-de-brasilia\/","title":{"rendered":"De &#8220;candanga&#8221; a &#8220;brasiliense&#8221;: identidade e o(s) falar(es) de Bras\u00edlia"},"content":{"rendered":"<p>Este trabalho discute os aspectos constitutivos, do ponto de vista sociolingu\u00edstico, de um falar dito \u201cbrasiliense\u201d, com suas especificidades e heterogeneidades, abordando, ainda, do ponto de vista s\u00f3cio-hist\u00f3rico, como a tecitura de identidades essencialmente brasileiras que compuseram, e continuam a compor, o pano de fundo dessa &#8211; poss\u00edvel &#8211; variedade em est\u00e1gio de focaliza\u00e7\u00e3o (ANDRADE, 2010) do portugu\u00eas brasileiro. Argumenta-se, ainda, que a constitui\u00e7\u00e3o do Distrito Federal nos moldes como se dera carregou consigo m\u00e1culas e, em paralelo, disputas que podem ser discutidas sob a \u00e9gide da colonialidade e das Epistemologias do Sul (SANTOS, MENESES, 2010).<br \/>\nO monumento quadril\u00e1tero que tornou-se capital da maior na\u00e7\u00e3o da Am\u00e9rica do Sul fora habilmente lapidado por m\u00e3os m\u00faltiplas, diversas, brasileiras. O distrito, fen\u00f4meno urban\u00edstico e social, tornou-se vertedouro para onde flu\u00edram todos os rios sem\u00e2nticos, fon\u00e9ticos e fonol\u00f3gicos da na\u00e7\u00e3o &#8211;  e posterior nascedouro de um falar outro. Entretanto, t\u00e3o m\u00faltiplo quadro n\u00e3o fora pintado com vernizes s\u00f3brios. Houve alterca\u00e7\u00f5es diversas, vivas nos relatos de candangos e no registro das primeiras Regi\u00f5es Administrativas. Fora a partir de ativa luta, sangue e suor que fincaram p\u00e9 no barro vermelho do planalto os trabalhadores, eles pr\u00f3prios, ergueram tal empreendimento. Distribu\u00eddos em diversas invas\u00f5es, foram sistematicamente desalojados, expulsos e empurrados at\u00e9 uma \u201cmargem segura\u201d da \u201cBras\u00edlia planejada\u201d, em centros e vilas.<br \/>\nTal processo de constitui\u00e7\u00e3o, que, em certo grau, replica uma din\u00e2mica hist\u00f3rica do Sul global, imprimiu na din\u00e2mica social do povo desse lugar fen\u00f4menos diversos, que evidenciam-se na cultura, mem\u00f3ria e, tamb\u00e9m, l\u00edngua. \u00c9 nesse sentido que cabe observar avalia\u00e7\u00f5es e percep\u00e7\u00f5es (OUSHIRO, 2021) lingu\u00edsticas do falar desse \u201cpovo do Planalto\u201d, que possui sua identidade lingu\u00edstica, calcada em uma hist\u00f3ria m\u00faltipla ao passo que \u00fanica que traz ra\u00edzes ancestrais tamb\u00e9m vinculadas ao territ\u00f3rio africano.<\/p>\n","protected":false},"author":1108,"featured_media":0,"template":"","meta":{"_acf_changed":false,"_et_pb_use_builder":"","_et_pb_old_content":"","_et_gb_content_width":"","footnotes":""},"ciea":[87],"class_list":["post-5957","comunicacion","type-comunicacion","status-publish","hentry","ciea-ciea12"],"acf":[],"_links":{"self":[{"href":"https:\/\/redestudiosafricanos.org\/en\/wp-json\/wp\/v2\/comunicacion\/5957","targetHints":{"allow":["GET"]}}],"collection":[{"href":"https:\/\/redestudiosafricanos.org\/en\/wp-json\/wp\/v2\/comunicacion"}],"about":[{"href":"https:\/\/redestudiosafricanos.org\/en\/wp-json\/wp\/v2\/types\/comunicacion"}],"author":[{"embeddable":true,"href":"https:\/\/redestudiosafricanos.org\/en\/wp-json\/wp\/v2\/users\/1108"}],"version-history":[{"count":1,"href":"https:\/\/redestudiosafricanos.org\/en\/wp-json\/wp\/v2\/comunicacion\/5957\/revisions"}],"predecessor-version":[{"id":5958,"href":"https:\/\/redestudiosafricanos.org\/en\/wp-json\/wp\/v2\/comunicacion\/5957\/revisions\/5958"}],"wp:attachment":[{"href":"https:\/\/redestudiosafricanos.org\/en\/wp-json\/wp\/v2\/media?parent=5957"}],"wp:term":[{"taxonomy":"ciea","embeddable":true,"href":"https:\/\/redestudiosafricanos.org\/en\/wp-json\/wp\/v2\/ciea?post=5957"}],"curies":[{"name":"wp","href":"https:\/\/api.w.org\/{rel}","templated":true}]}}