{"id":5975,"date":"2024-09-02T15:03:33","date_gmt":"2024-09-02T13:03:33","guid":{"rendered":"https:\/\/redestudiosafricanos.org\/?post_type=comunicacion&#038;p=5975"},"modified":"2024-10-07T11:37:23","modified_gmt":"2024-10-07T09:37:23","slug":"le-sahel-entre-terrorisme-instabilite-politique-et-crises-militaro-diplomatiques","status":"publish","type":"comunicacion","link":"https:\/\/redestudiosafricanos.org\/en\/comunicacion\/le-sahel-entre-terrorisme-instabilite-politique-et-crises-militaro-diplomatiques\/","title":{"rendered":"Le Sahel entre terrorisme, instabilit\u00e9 politique et crises militaro-diplomatiques"},"content":{"rendered":"<p>Le Sahel, zone g\u00e9ographique couvrant le Burkina Faso, la Mauritanie, le Mali, le Niger, le Tchad (les pays du G5 Sahel sont diff\u00e9rents des pays du Sahel qui sont plus nombreux, \u00e0 nuancer) a toujours fait face \u00e0 des bouleversements sociopolitiques et militaires. Dans une r\u00e9gion gangr\u00e9n\u00e9e par le terrorisme et touch\u00e9e par une extr\u00eame pauvret\u00e9, les pays comme le Burkina Faso, le Mali et le Niger deviennent \u00e0 la fois une source d&#039;inqui\u00e9tude et de convoitises. <br \/>\nL\u2019environnement sous r\u00e9gional ouest africain marqu\u00e9 par la crise militaro-diplomatique au sein de la CEDEAO n\u00e9e du changement anticonstitutionnel survenu au Niger le 26 Juillet 2023, au Mali en aout 2020 et au Burkina Faso en septembre 2022 a occasionn\u00e9 une instabilit\u00e9 politique et une crise militaro-diplomatique sans pr\u00e9c\u00e9dent. Dans le Sahel, les int\u00e9r\u00eats de Paris au Burkina Faso, comme plus largement au Sahel, sont plut\u00f4t g\u00e9ostrat\u00e9giques. Les red\u00e9ploiements strat\u00e9giques de la France \u00e0 travers un commandement in\u00e9dit pour l\u2019Afrique, de l\u2019Africom pour les Etats-Unis et d\u2019Africa Corps pour le compte de la Russie, la naissance de l\u2019Alliance des Etats du Sahel (AES) montrent \u00e0 l\u2019\u00e9vidence la place de cette r\u00e9gion dans la g\u00e9opolitique mondiale. La cr\u00e9ation de l\u2019Alliance des \u00c9tats du Sahel, le 16 septembre 2023, a \u00e9t\u00e9 une v\u00e9ritable r\u00e9volution dans la g\u00e9opolitique africaine car, le Mali, le Burkina Faso et le Niger ont d\u00e9cid\u00e9 de reconstruire l\u2019interaction en Afrique de l\u2019Ouest sur des principes radicalement diff\u00e9rents. <\/p>\n<p>La pr\u00e9sente communication entend cerner les corr\u00e9lations entre la crise s\u00e9curitaire, le terrorisme, l\u2019instabilit\u00e9 politique et les implications militaro-diplomatiques dans les pays de l\u2019Alliance des Etats du Sahel (Mali, Niger et Burkina Faso) ainsi que les positionnements g\u00e9opolitiques et g\u00e9ostrat\u00e9giques qui s\u2019y d\u00e9ploient. Elle s\u2019appuie sur une documentation riche et vari\u00e9e sur le terrorisme, l\u2019instabilit\u00e9 politique et les crises diplomatiques.<\/p>\n","protected":false},"author":1125,"featured_media":0,"template":"","meta":{"_acf_changed":false,"_et_pb_use_builder":"","_et_pb_old_content":"","_et_gb_content_width":"","footnotes":""},"ciea":[87],"class_list":["post-5975","comunicacion","type-comunicacion","status-publish","hentry","ciea-ciea12"],"acf":[],"_links":{"self":[{"href":"https:\/\/redestudiosafricanos.org\/en\/wp-json\/wp\/v2\/comunicacion\/5975","targetHints":{"allow":["GET"]}}],"collection":[{"href":"https:\/\/redestudiosafricanos.org\/en\/wp-json\/wp\/v2\/comunicacion"}],"about":[{"href":"https:\/\/redestudiosafricanos.org\/en\/wp-json\/wp\/v2\/types\/comunicacion"}],"author":[{"embeddable":true,"href":"https:\/\/redestudiosafricanos.org\/en\/wp-json\/wp\/v2\/users\/1125"}],"version-history":[{"count":1,"href":"https:\/\/redestudiosafricanos.org\/en\/wp-json\/wp\/v2\/comunicacion\/5975\/revisions"}],"predecessor-version":[{"id":5976,"href":"https:\/\/redestudiosafricanos.org\/en\/wp-json\/wp\/v2\/comunicacion\/5975\/revisions\/5976"}],"wp:attachment":[{"href":"https:\/\/redestudiosafricanos.org\/en\/wp-json\/wp\/v2\/media?parent=5975"}],"wp:term":[{"taxonomy":"ciea","embeddable":true,"href":"https:\/\/redestudiosafricanos.org\/en\/wp-json\/wp\/v2\/ciea?post=5975"}],"curies":[{"name":"wp","href":"https:\/\/api.w.org\/{rel}","templated":true}]}}