{"id":6068,"date":"2024-09-08T23:20:49","date_gmt":"2024-09-08T21:20:49","guid":{"rendered":"https:\/\/redestudiosafricanos.org\/?post_type=comunicacion&#038;p=6068"},"modified":"2024-10-07T11:41:51","modified_gmt":"2024-10-07T09:41:51","slug":"as-politicas-linguisticas-e-a-questao-diglossica-na-republica-do-benim-um-olhar-sobre-a-relacao-do-fongbe-e-do-frances","status":"publish","type":"comunicacion","link":"https:\/\/redestudiosafricanos.org\/en\/comunicacion\/as-politicas-linguisticas-e-a-questao-diglossica-na-republica-do-benim-um-olhar-sobre-a-relacao-do-fongbe-e-do-frances\/","title":{"rendered":"As pol\u00edticas lingu\u00edsticas e a quest\u00e3o digl\u00f3ssica na Rep\u00fablica do Benim: um olhar sobre a rela\u00e7\u00e3o do Fongb\u00ea e do Franc\u00eas"},"content":{"rendered":"<p>O presente trabalho de comunica\u00e7\u00e3o objetiva tratar das quest\u00f5es de pol\u00edticas lingu\u00edsticas no Benin e a rela\u00e7\u00e3o digl\u00f3ssica entre as l\u00ednguas Fongb\u00ea e Franc\u00eas presentes nesse espa\u00e7o geogr\u00e1fico. O objetivo de tal discuss\u00e3o \u00e9 trazer \u00e0 tona os olhares te\u00f3ricos da literatura lingu\u00edstica no \u00e2mbito da diglossia e da l\u00f3gica de pol\u00edticas lingu\u00edsticas adotada pela constitui\u00e7\u00e3o do Benim; comparando com os dados sociolingu\u00edsticos acerca dessa mesma diglossia. Para tanto, pretendemos enquadrar esta comunica\u00e7\u00e3o no discurso de l\u00ednguas em contato e  contato de l\u00ednguas da lingu\u00edstica de contato, a partir de estudos de autores como: Mello (2011), Matras (2009), Weinreich (1953),  e Rodrigues (2007). Como abordagem metodol\u00f3gica, a comunica\u00e7\u00e3o enquadra-se na perspetiva do paradigma interpretativista (Gil, 2002; Bortoni-Ricardo 2011, 2014; Angrosino 2009). Com efeito, o fato de os dados serem sociolingu\u00edsticos de cunho interacional proporciona esse estudo qualitativo. Os dados foram recolhidos em contextos reais de intera\u00e7\u00e3o nos quais os interlocutores est\u00e3o em situa\u00e7\u00f5es normais de conversa\u00e7\u00e3o. Agumas perguntas que nortear\u00e3o este trabalho s\u00e3o: qual \u00e9 a hist\u00f3ria das duas l\u00ednguas no Benim? Como se vive a rela\u00e7\u00e3o entre elas no territ\u00f3rio beninense? Qual \u00e9 import\u00e2ncia das pol\u00edticas lingu\u00edsticas para a sobreviv\u00eancia ou n\u00e3o de cada uma dessas l\u00ednguas? Como pode ser definida conceitualmente a quest\u00e3o da diglossia entre o Fongb\u00ea e o Franc\u00eas no Benim, considerando que h\u00e1 bilinguismo social, mas n\u00e3o pol\u00edtico, entre essas duas l\u00ednguas? Seria o caso de se aplicar a terminologia bilinguismo digl\u00f3ssico a esse caso, considerando que as pol\u00edticas lingu\u00edsticas e a realidade sociolingu\u00edstica atual da popula\u00e7\u00e3o? A resposta a essas perguntas e as demais que surgirem no transcurso do trabalho permitir\u00e1 abarcar o trabalho como todo e satisfazer o esclarecimento da quest\u00e3o digl\u00f3ssica na Rep\u00fablica do Benim. A primazia deste trabalho vem do fato de analisar dados de produ\u00e7\u00f5es realizadas em contextos reais de<\/p>\n","protected":false},"author":1167,"featured_media":0,"template":"","meta":{"_acf_changed":false,"_et_pb_use_builder":"","_et_pb_old_content":"","_et_gb_content_width":"","footnotes":""},"ciea":[87],"class_list":["post-6068","comunicacion","type-comunicacion","status-publish","hentry","ciea-ciea12"],"acf":[],"_links":{"self":[{"href":"https:\/\/redestudiosafricanos.org\/en\/wp-json\/wp\/v2\/comunicacion\/6068","targetHints":{"allow":["GET"]}}],"collection":[{"href":"https:\/\/redestudiosafricanos.org\/en\/wp-json\/wp\/v2\/comunicacion"}],"about":[{"href":"https:\/\/redestudiosafricanos.org\/en\/wp-json\/wp\/v2\/types\/comunicacion"}],"author":[{"embeddable":true,"href":"https:\/\/redestudiosafricanos.org\/en\/wp-json\/wp\/v2\/users\/1167"}],"version-history":[{"count":1,"href":"https:\/\/redestudiosafricanos.org\/en\/wp-json\/wp\/v2\/comunicacion\/6068\/revisions"}],"predecessor-version":[{"id":6069,"href":"https:\/\/redestudiosafricanos.org\/en\/wp-json\/wp\/v2\/comunicacion\/6068\/revisions\/6069"}],"wp:attachment":[{"href":"https:\/\/redestudiosafricanos.org\/en\/wp-json\/wp\/v2\/media?parent=6068"}],"wp:term":[{"taxonomy":"ciea","embeddable":true,"href":"https:\/\/redestudiosafricanos.org\/en\/wp-json\/wp\/v2\/ciea?post=6068"}],"curies":[{"name":"wp","href":"https:\/\/api.w.org\/{rel}","templated":true}]}}