{"id":6090,"date":"2024-09-10T13:48:04","date_gmt":"2024-09-10T11:48:04","guid":{"rendered":"https:\/\/redestudiosafricanos.org\/?post_type=comunicacion&#038;p=6090"},"modified":"2024-10-07T11:37:23","modified_gmt":"2024-10-07T09:37:23","slug":"dynamique-des-coups-detats-au-sahel","status":"publish","type":"comunicacion","link":"https:\/\/redestudiosafricanos.org\/en\/comunicacion\/dynamique-des-coups-detats-au-sahel\/","title":{"rendered":"DYNAMIQUE DES COUPS D\u2019\u00c9TATS AU SAHEL"},"content":{"rendered":"<p>Depuis 2020, le Sahel est confront\u00e9 par une crise politique majeure avec l\u2019av\u00e8nement des coups d\u2019\u00e9tat. Les militaires renversent le pouvoir d\u00e9mocratique en corroborant l\u2019argument primordial du dysfonctionnement au niveau de l\u2019appareil \u00e9tatique surtout au plan s\u00e9curitaire puisque depuis presqu\u2019une d\u00e9cennie, ces pays sont confront\u00e9s \u00e0 l\u2019hydre terroriste et les pouvoirs d\u00e9mocratiques, nonobstant la diversit\u00e9 et le (pr\u00e9tendu) soutien de leurs partenaires internationaux n\u2019arrivent pas \u00e0 pallier la situation. <br \/>\nDans la plupart du temps, ils sont soutenus et galvanis\u00e9s par le peuple dans leur \u00e9lan de refondation. <br \/>\nCe faisant, les putschistes se focalisent sur son m\u00e9contentement social afin de s&#039;emparer du pouvoir. Doit-on consid\u00e9rer ou l\u00e9gitimer ces coups d\u2019\u00e9tat en les d\u00e9cr\u00e9tant  comme \u00e9tant salvateurs ? Dans le dessein de mieux d\u00e9crypter cette interrogation, la pr\u00e9sente r\u00e9flexion s\u2019int\u00e9resse aux r\u00e9elles motivations engendrant les coups d\u2019\u00e9tat actuels; se focalise les actions men\u00e9es par les juntes et sur le discours de rupture pron\u00e9 par ceux-ci pour combler les  attentes et aspirations des populations.<\/p>\n","protected":false},"author":1165,"featured_media":0,"template":"","meta":{"_acf_changed":false,"_et_pb_use_builder":"","_et_pb_old_content":"","_et_gb_content_width":"","footnotes":""},"ciea":[87],"class_list":["post-6090","comunicacion","type-comunicacion","status-publish","hentry","ciea-ciea12"],"acf":[],"_links":{"self":[{"href":"https:\/\/redestudiosafricanos.org\/en\/wp-json\/wp\/v2\/comunicacion\/6090","targetHints":{"allow":["GET"]}}],"collection":[{"href":"https:\/\/redestudiosafricanos.org\/en\/wp-json\/wp\/v2\/comunicacion"}],"about":[{"href":"https:\/\/redestudiosafricanos.org\/en\/wp-json\/wp\/v2\/types\/comunicacion"}],"author":[{"embeddable":true,"href":"https:\/\/redestudiosafricanos.org\/en\/wp-json\/wp\/v2\/users\/1165"}],"version-history":[{"count":1,"href":"https:\/\/redestudiosafricanos.org\/en\/wp-json\/wp\/v2\/comunicacion\/6090\/revisions"}],"predecessor-version":[{"id":6091,"href":"https:\/\/redestudiosafricanos.org\/en\/wp-json\/wp\/v2\/comunicacion\/6090\/revisions\/6091"}],"wp:attachment":[{"href":"https:\/\/redestudiosafricanos.org\/en\/wp-json\/wp\/v2\/media?parent=6090"}],"wp:term":[{"taxonomy":"ciea","embeddable":true,"href":"https:\/\/redestudiosafricanos.org\/en\/wp-json\/wp\/v2\/ciea?post=6090"}],"curies":[{"name":"wp","href":"https:\/\/api.w.org\/{rel}","templated":true}]}}