{"id":6141,"date":"2024-09-11T15:28:24","date_gmt":"2024-09-11T13:28:24","guid":{"rendered":"https:\/\/redestudiosafricanos.org\/?post_type=comunicacion&#038;p=6141"},"modified":"2024-10-07T11:41:58","modified_gmt":"2024-10-07T09:41:58","slug":"entre-traficantes-e-traficados-o-recife-o-trafico-de-escravizados-para-pernambuco-c-1790-c-1822","status":"publish","type":"comunicacion","link":"https:\/\/redestudiosafricanos.org\/en\/comunicacion\/entre-traficantes-e-traficados-o-recife-o-trafico-de-escravizados-para-pernambuco-c-1790-c-1822\/","title":{"rendered":"Entre traficantes e traficados, o Recife: o tr\u00e1fico de escravizados para Pernambuco (c.1790-c.1822)"},"content":{"rendered":"<p>Na virada para o s\u00e9culo XIX, a Am\u00e9rica portuguesa (Brasil) experimentou um boom econ\u00f4mico que possibilitou a reinser\u00e7\u00e3o das capitanias do Norte na economia atl\u00e2ntica, estimulando ainda mais o tr\u00e1fico de escravizados africanos. A sa\u00edda da ilha de S\u00e3o Domingos (Haiti) do circuito econ\u00f4mico, a Revolu\u00e7\u00e3o de 1789 na Fran\u00e7a, o processo de organiza\u00e7\u00e3o das Treze Col\u00f4nias, ap\u00f3s sua independ\u00eancia, e as inven\u00e7\u00f5es Industriais na Inglaterra inauguraram uma fase de prosperidade sentida em diferentes ramos do com\u00e9rcio portugu\u00eas, reequilibrando as balan\u00e7as de com\u00e9rcio do imp\u00e9rio. A vinda da fam\u00edlia real para o Rio de Janeiro fomentou ainda mais o processo em curso com a abertura dos portos, malgrado o mal-estar causado pelos Tratados anglo-portugueses de 1810 e 1815, no que tange o com\u00e9rcio de escravizados. Disso resultou uma s\u00e9rie de mudan\u00e7as e adapta\u00e7\u00f5es no funcionamento do tr\u00e1fico. Portanto, o objetivo deste trabalho \u00e9 analisar o caso de Pernambuco, enfatizando o funcionamento de seu tr\u00e1fico e os locais de obten\u00e7\u00e3o de africanos escravizados. Se por um lado, busco demostrar como o com\u00e9rcio para Pernambuco era realizado antes da chegada da Corte de d. Jo\u00e3o VI no Rio de Janeiro, por outro, demostro como, apesar das proibi\u00e7\u00f5es de tr\u00e1fico impostas pelos Tratados de 1810 e 1815, o com\u00e9rcio negreiro buscou diversificar os locais de compra de escravizados, fugindo de enclaves vigiados pela marinha inglesa e da concorr\u00eancia com outras pra\u00e7as, como Bahia e Rio de Janeiro. Al\u00e9m disso, demostro como esta diversifica\u00e7\u00e3o implicou no resultado da di\u00e1spora africana no Recife. Ou seja, como a diversifica\u00e7\u00e3o dos locais de compra possibilitou uma diversifica\u00e7\u00e3o das na\u00e7\u00f5es de africanos no Recife, antes muito circunscrita aos tradicionais \u201cmina\u201d e \u201cangola\u201d. Termos como \u201cmo\u00e7ambique\u201d, \u201ccabinda\u201d, \u201cmolembo\u201d, \u201cgab\u00e3o\u201d, \u201ccalabar\u201d, dentre outros, podem ser observados com maior incid\u00eancia nas fontes eclesi\u00e1sticas a partir dos anos de 1810.<\/p>\n","protected":false},"author":1057,"featured_media":0,"template":"","meta":{"_acf_changed":false,"_et_pb_use_builder":"","_et_pb_old_content":"","_et_gb_content_width":"","footnotes":""},"ciea":[87],"class_list":["post-6141","comunicacion","type-comunicacion","status-publish","hentry","ciea-ciea12"],"acf":[],"_links":{"self":[{"href":"https:\/\/redestudiosafricanos.org\/en\/wp-json\/wp\/v2\/comunicacion\/6141","targetHints":{"allow":["GET"]}}],"collection":[{"href":"https:\/\/redestudiosafricanos.org\/en\/wp-json\/wp\/v2\/comunicacion"}],"about":[{"href":"https:\/\/redestudiosafricanos.org\/en\/wp-json\/wp\/v2\/types\/comunicacion"}],"author":[{"embeddable":true,"href":"https:\/\/redestudiosafricanos.org\/en\/wp-json\/wp\/v2\/users\/1057"}],"version-history":[{"count":1,"href":"https:\/\/redestudiosafricanos.org\/en\/wp-json\/wp\/v2\/comunicacion\/6141\/revisions"}],"predecessor-version":[{"id":6142,"href":"https:\/\/redestudiosafricanos.org\/en\/wp-json\/wp\/v2\/comunicacion\/6141\/revisions\/6142"}],"wp:attachment":[{"href":"https:\/\/redestudiosafricanos.org\/en\/wp-json\/wp\/v2\/media?parent=6141"}],"wp:term":[{"taxonomy":"ciea","embeddable":true,"href":"https:\/\/redestudiosafricanos.org\/en\/wp-json\/wp\/v2\/ciea?post=6141"}],"curies":[{"name":"wp","href":"https:\/\/api.w.org\/{rel}","templated":true}]}}