{"id":6236,"date":"2024-09-12T17:37:30","date_gmt":"2024-09-12T15:37:30","guid":{"rendered":"https:\/\/redestudiosafricanos.org\/?post_type=comunicacion&#038;p=6236"},"modified":"2024-10-07T11:43:31","modified_gmt":"2024-10-07T09:43:31","slug":"as-obras-dos-cinemas-africanos-lusofonos-uma-leitura-de-perspetiva-da-narratologia-pos-classica","status":"publish","type":"comunicacion","link":"https:\/\/redestudiosafricanos.org\/en\/comunicacion\/as-obras-dos-cinemas-africanos-lusofonos-uma-leitura-de-perspetiva-da-narratologia-pos-classica\/","title":{"rendered":"As obras dos cinemas africanos lus\u00f3fonos: uma leitura de perspetiva da narratologia p\u00f3s-cl\u00e1ssica"},"content":{"rendered":"<p>A comunica\u00e7\u00e3o &quot;As obras dos cinemas africanos lus\u00f3fonos: uma leitura de perspetiva da narratologia p\u00f3s-cl\u00e1ssica&quot; analisa as estrat\u00e9gias narratol\u00f3gicas utilizadas nas obras ficcionais das ind\u00fastrias cinematogr\u00e1ficas de Guin\u00e9-Bissau produzidas depois de independ\u00eancia do pa\u00eds utilizando a abordagem te\u00f3rica da narratologia p\u00f3s-cl\u00e1ssica. O foco do ramo p\u00f3s-cl\u00e1ssico n\u00e3o est\u00e1 ent\u00e3o no texto em si, mas tamb\u00e9m na rela\u00e7\u00e3o entre o texto e o contexto em que foi produzido e na interpreta\u00e7\u00e3o do texto, acrescenta outros aspectos ideol\u00f3gicos ao estudo das formas narrativas e traz a uma leitura sens\u00edvel a temas como o hibridismo, a migra\u00e7\u00e3o, a diversidade, as rela\u00e7\u00f5es de poder, e outros. A comunica\u00e7\u00e3o resume tamb\u00e9m as redes j\u00e1 estabelecidas entre os artistas dos cinco pa\u00edses lus\u00f3fonos e as contribui\u00e7\u00f5es no desenvolvimento das obras, reflete a escolha lingu\u00edstica \u2013 a utiliza\u00e7\u00e3o intencional do kriolu de Guin\u00e9-Bissau nas obras de Sana na N&#039;Hada e Flora Gomes \u2013 e os impactos desta pol\u00edtica na distribui\u00e7\u00e3o mundial dos trabalhos cinematogr\u00e1ficos deles.<\/p>\n<p>Kl\u00e1ra Trskov\u00e1 \u00e9 tradutora de portugu\u00eas e curadora de filmes no N\u00e1rodn\u00ed filmov\u00fd archiv, Praga. Formada em literaturas rom\u00e2nicas com destaque para as literaturas africanas escritas em portugu\u00eas, \u00e9 organizadora duma mostra anual de filmes africanos lus\u00f3fonos AfroFilmes. Nos \u00faltimos anos, efetuou a investiga\u00e7\u00e3o em Maputo, S\u00e3o Tom\u00e9, Mindelo, Praia e Bissau.<\/p>\n","protected":false},"author":1094,"featured_media":0,"template":"","meta":{"_acf_changed":false,"_et_pb_use_builder":"","_et_pb_old_content":"","_et_gb_content_width":"","footnotes":""},"ciea":[87],"class_list":["post-6236","comunicacion","type-comunicacion","status-publish","hentry","ciea-ciea12"],"acf":[],"_links":{"self":[{"href":"https:\/\/redestudiosafricanos.org\/en\/wp-json\/wp\/v2\/comunicacion\/6236","targetHints":{"allow":["GET"]}}],"collection":[{"href":"https:\/\/redestudiosafricanos.org\/en\/wp-json\/wp\/v2\/comunicacion"}],"about":[{"href":"https:\/\/redestudiosafricanos.org\/en\/wp-json\/wp\/v2\/types\/comunicacion"}],"author":[{"embeddable":true,"href":"https:\/\/redestudiosafricanos.org\/en\/wp-json\/wp\/v2\/users\/1094"}],"version-history":[{"count":1,"href":"https:\/\/redestudiosafricanos.org\/en\/wp-json\/wp\/v2\/comunicacion\/6236\/revisions"}],"predecessor-version":[{"id":6237,"href":"https:\/\/redestudiosafricanos.org\/en\/wp-json\/wp\/v2\/comunicacion\/6236\/revisions\/6237"}],"wp:attachment":[{"href":"https:\/\/redestudiosafricanos.org\/en\/wp-json\/wp\/v2\/media?parent=6236"}],"wp:term":[{"taxonomy":"ciea","embeddable":true,"href":"https:\/\/redestudiosafricanos.org\/en\/wp-json\/wp\/v2\/ciea?post=6236"}],"curies":[{"name":"wp","href":"https:\/\/api.w.org\/{rel}","templated":true}]}}