{"id":6244,"date":"2024-09-12T17:48:43","date_gmt":"2024-09-12T15:48:43","guid":{"rendered":"https:\/\/redestudiosafricanos.org\/?post_type=comunicacion&#038;p=6244"},"modified":"2024-10-07T11:41:58","modified_gmt":"2024-10-07T09:41:58","slug":"esclavage-travail-force-exil-et-enfermements-en-guinee-espagnole-insulaire","status":"publish","type":"comunicacion","link":"https:\/\/redestudiosafricanos.org\/en\/comunicacion\/esclavage-travail-force-exil-et-enfermements-en-guinee-espagnole-insulaire\/","title":{"rendered":"Esclavage, travail forc\u00e9, exil et enfermements en Guin\u00e9e espagnole insulaire"},"content":{"rendered":"<p>D\u00e8s leur accaparement par les Portugais, \u00e0 la fin du XVe si\u00e8cle, jusqu\u2019\u00e0 la fin de la colonisation espagnole en 1968, les territoires insulaires de la Guin\u00e9e espagnole (Guin\u00e9e \u00e9quatoriale), ont connu, \u00e0 c\u00f4t\u00e9 de leur exploitation agricole et mini\u00e8re, une riche histoire li\u00e9e \u00e0 diff\u00e9rentes formes d\u2019enfermements : celle de destination des ind\u00e9sirables et condamn\u00e9s Portugais, des esclaves venus du continent noir, d\u2019affranchis arriv\u00e9s de Cuba, mais aussi des prisonniers politiques venus de m\u00e9tropole ou d\u2019Am\u00e9rique en fonction des \u00e9poques, de militaires qui s\u2019y r\u00e9fugient apr\u00e8s la 1\u00e8re guerre mondiale, et de travailleurs forc\u00e9s ou sous contrat qui se retrouvent sans recours devant une soci\u00e9t\u00e9 coloniale qui ne respecte pratiquement aucun des accords conclus des repr\u00e9sentants officiels \u00e9trangers. <br \/>\nCette contribution illustrera rapidement cette grande vari\u00e9t\u00e9 de situations \u00e0 travers le temps, en faisant d\u00e9couvrir l\u2019histoire de ce pays peu connu, et en permettant de comprendre pourquoi, encore aujourd\u2019hui, certaines situations, assez similaires, perdurent.<\/p>\n","protected":false},"author":110,"featured_media":0,"template":"","meta":{"_acf_changed":false,"_et_pb_use_builder":"","_et_pb_old_content":"","_et_gb_content_width":"","footnotes":""},"ciea":[87],"class_list":["post-6244","comunicacion","type-comunicacion","status-publish","hentry","ciea-ciea12"],"acf":[],"_links":{"self":[{"href":"https:\/\/redestudiosafricanos.org\/en\/wp-json\/wp\/v2\/comunicacion\/6244","targetHints":{"allow":["GET"]}}],"collection":[{"href":"https:\/\/redestudiosafricanos.org\/en\/wp-json\/wp\/v2\/comunicacion"}],"about":[{"href":"https:\/\/redestudiosafricanos.org\/en\/wp-json\/wp\/v2\/types\/comunicacion"}],"author":[{"embeddable":true,"href":"https:\/\/redestudiosafricanos.org\/en\/wp-json\/wp\/v2\/users\/110"}],"version-history":[{"count":1,"href":"https:\/\/redestudiosafricanos.org\/en\/wp-json\/wp\/v2\/comunicacion\/6244\/revisions"}],"predecessor-version":[{"id":6245,"href":"https:\/\/redestudiosafricanos.org\/en\/wp-json\/wp\/v2\/comunicacion\/6244\/revisions\/6245"}],"wp:attachment":[{"href":"https:\/\/redestudiosafricanos.org\/en\/wp-json\/wp\/v2\/media?parent=6244"}],"wp:term":[{"taxonomy":"ciea","embeddable":true,"href":"https:\/\/redestudiosafricanos.org\/en\/wp-json\/wp\/v2\/ciea?post=6244"}],"curies":[{"name":"wp","href":"https:\/\/api.w.org\/{rel}","templated":true}]}}