{"id":6250,"date":"2024-09-12T18:02:44","date_gmt":"2024-09-12T16:02:44","guid":{"rendered":"https:\/\/redestudiosafricanos.org\/?post_type=comunicacion&#038;p=6250"},"modified":"2024-10-07T11:43:31","modified_gmt":"2024-10-07T09:43:31","slug":"la-musicalidad-en-el-documental-angoleno-identidad-resistencia-y-biografias-sociales","status":"publish","type":"comunicacion","link":"https:\/\/redestudiosafricanos.org\/en\/comunicacion\/la-musicalidad-en-el-documental-angoleno-identidad-resistencia-y-biografias-sociales\/","title":{"rendered":"La musicalidad en el documental angole\u00f1o: identidad, resistencia y biograf\u00edas sociales"},"content":{"rendered":"<p>La propuesta pretende emprender un recorrido por la musicalidad presente en el cine angole\u00f1o, especialmente en lo que respecta a la forma en que las canciones se presentan en obras documentales, sirviendo de v\u00ednculo narrativo entre im\u00e1genes de archivo, textos literarios, testimonios y permitiendo acceder, a trav\u00e9s de la memoria, a otros. Perspectivas sobre la historia de Angola, antes y despu\u00e9s de su proceso de independencia. Creemos que la narrativa documental ofrece m\u00e1s apoyo para comprender la trayectoria de estas canciones. Para ello, analizaremos c\u00f3mo se presenta la m\u00fasica popular en los documentales a partir del concepto de \u201cbiograf\u00eda social\u201d (Mend\u00edvil, 2013) como posible operador<br \/>\nde lectura de la canci\u00f3n como una entidad cuyo significado se construye a trav\u00e9s de una relaci\u00f3n intertextual con los actores sociales. sujetos que lo consumen, capaces de desencadenar recuerdos e identidades en el \u00e1mbito de la narrativa cinematogr\u00e1fica (Maia, 2020). De esta manera, preguntamos: \u00bfqu\u00e9 biograf\u00edas sociales se cuentan a partir de las canciones presentes en las pel\u00edculas y qu\u00e9 relaci\u00f3n establecen con la memoria y la identidad angole\u00f1as?<br \/>\nComenzamos trayendo la perspectiva presentada por directores pioneros del cine documental angole\u00f1o como Ant\u00f3nio Ole &#8211; \u201cO Ritmo do N&#039;Gola Ritmos\u201d (1978) y \u201cCarnaval da Vit\u00f3ria\u201d (1978), en cuya m\u00fasica popular angole\u00f1a aparece m\u00e1s asociada a un contexto de resistencia y militancia pol\u00edtica pronacionalista y la canci\u00f3n es una forma de expresar los acentos de las lenguas locales y una estrategia de afirmaci\u00f3n de la identidad frente al legado de la opresi\u00f3n colonial. Pasamos a producciones contempor\u00e1neas como \u201cKuduro: Fogo no Musseke\u201d (2007), de Jorge Ant\u00f3nio, y \u201cLuanda, uma f\u00e1brica de m\u00fasica\u201d (2009), de Kiluanje Liberdade, en el que el ritmo y las actuaciones de kuduro ocupan la mayor parte de la narrativa, apuntando a un contexto de la vida cotidiana local dos &quot;musseques&quot;.<\/p>\n","protected":false},"author":84,"featured_media":0,"template":"","meta":{"_acf_changed":false,"_et_pb_use_builder":"","_et_pb_old_content":"","_et_gb_content_width":"","footnotes":""},"ciea":[87],"class_list":["post-6250","comunicacion","type-comunicacion","status-publish","hentry","ciea-ciea12"],"acf":[],"_links":{"self":[{"href":"https:\/\/redestudiosafricanos.org\/en\/wp-json\/wp\/v2\/comunicacion\/6250","targetHints":{"allow":["GET"]}}],"collection":[{"href":"https:\/\/redestudiosafricanos.org\/en\/wp-json\/wp\/v2\/comunicacion"}],"about":[{"href":"https:\/\/redestudiosafricanos.org\/en\/wp-json\/wp\/v2\/types\/comunicacion"}],"author":[{"embeddable":true,"href":"https:\/\/redestudiosafricanos.org\/en\/wp-json\/wp\/v2\/users\/84"}],"version-history":[{"count":1,"href":"https:\/\/redestudiosafricanos.org\/en\/wp-json\/wp\/v2\/comunicacion\/6250\/revisions"}],"predecessor-version":[{"id":6251,"href":"https:\/\/redestudiosafricanos.org\/en\/wp-json\/wp\/v2\/comunicacion\/6250\/revisions\/6251"}],"wp:attachment":[{"href":"https:\/\/redestudiosafricanos.org\/en\/wp-json\/wp\/v2\/media?parent=6250"}],"wp:term":[{"taxonomy":"ciea","embeddable":true,"href":"https:\/\/redestudiosafricanos.org\/en\/wp-json\/wp\/v2\/ciea?post=6250"}],"curies":[{"name":"wp","href":"https:\/\/api.w.org\/{rel}","templated":true}]}}