{"id":6375,"date":"2024-09-23T16:14:30","date_gmt":"2024-09-23T14:14:30","guid":{"rendered":"https:\/\/redestudiosafricanos.org\/?post_type=comunicacion&#038;p=6375"},"modified":"2024-10-07T18:26:13","modified_gmt":"2024-10-07T16:26:13","slug":"sensibilizar-portugal-para-apoiar-a-nossa-causa-1975-1991-o-processo-de-constituicao-de-uma-rede-portuguesa-de-apoio-a-unita-e-as-suas-dinamicas","status":"publish","type":"comunicacion","link":"https:\/\/redestudiosafricanos.org\/en\/comunicacion\/sensibilizar-portugal-para-apoiar-a-nossa-causa-1975-1991-o-processo-de-constituicao-de-uma-rede-portuguesa-de-apoio-a-unita-e-as-suas-dinamicas\/","title":{"rendered":"\u201cSensibilizar Portugal para apoiar a nossa causa\u201d 1975-1991: o processo de constitui\u00e7\u00e3o de uma rede portuguesa de apoio \u00e0 UNITA e as suas din\u00e2micas"},"content":{"rendered":"<p>Esta comunica\u00e7\u00e3o visa averiguar o processo de constitui\u00e7\u00e3o da rede portuguesa de apoio \u00e0 Uni\u00e3o Nacional para a Independ\u00eancia Total de Angola (UNITA) durante a primeira fase da guerra civil angolana, desde a proclama\u00e7\u00e3o da independ\u00eancia do pa\u00eds, em novembro de 1975, at\u00e9 \u00e0 assinatura dos acordos de Paz de Bicesse, em maio de 1991, entre o governo e a UNITA. Mediante a utiliza\u00e7\u00e3o de fontes do Arquivo da Administra\u00e7\u00e3o Interna, do Arquivo Hist\u00f3rico da Assembleia da Rep\u00fablica, da imprensa portuguesa da \u00e9poca, bem como de fontes orais, atrav\u00e9s da realiza\u00e7\u00e3o de entrevistas semiestruturadas a elementos que integravam \u00e0 delega\u00e7\u00e3o da UNITA em Portugal e a personalidades pol\u00edticas portuguesas com liga\u00e7\u00f5es \u00e0 organiza\u00e7\u00e3o de Jonas Savimbi, esta comunica\u00e7\u00e3o visa descrever as raz\u00f5es pelas quais se constituiu uma rede portuguesa de apoio \u00e0 organiza\u00e7\u00e3o angolana. O intuito consiste em examinar a relev\u00e2ncia desta rede no contexto da oposi\u00e7\u00e3o da UNITA em Angola. Os dados recolhidos sugerem que a rede de apoio \u00e0 organiza\u00e7\u00e3o de Jonas Savimbi foi estrat\u00e9gica e importante no contexto da oposi\u00e7\u00e3o que a UNITA fazia ao governo angolano na esfera internacional.<\/p>\n","protected":false},"author":1263,"featured_media":0,"template":"","meta":{"_acf_changed":false,"_et_pb_use_builder":"","_et_pb_old_content":"","_et_gb_content_width":"","footnotes":""},"ciea":[87],"class_list":["post-6375","comunicacion","type-comunicacion","status-publish","hentry","ciea-ciea12"],"acf":[],"_links":{"self":[{"href":"https:\/\/redestudiosafricanos.org\/en\/wp-json\/wp\/v2\/comunicacion\/6375","targetHints":{"allow":["GET"]}}],"collection":[{"href":"https:\/\/redestudiosafricanos.org\/en\/wp-json\/wp\/v2\/comunicacion"}],"about":[{"href":"https:\/\/redestudiosafricanos.org\/en\/wp-json\/wp\/v2\/types\/comunicacion"}],"author":[{"embeddable":true,"href":"https:\/\/redestudiosafricanos.org\/en\/wp-json\/wp\/v2\/users\/1263"}],"version-history":[{"count":1,"href":"https:\/\/redestudiosafricanos.org\/en\/wp-json\/wp\/v2\/comunicacion\/6375\/revisions"}],"predecessor-version":[{"id":6376,"href":"https:\/\/redestudiosafricanos.org\/en\/wp-json\/wp\/v2\/comunicacion\/6375\/revisions\/6376"}],"wp:attachment":[{"href":"https:\/\/redestudiosafricanos.org\/en\/wp-json\/wp\/v2\/media?parent=6375"}],"wp:term":[{"taxonomy":"ciea","embeddable":true,"href":"https:\/\/redestudiosafricanos.org\/en\/wp-json\/wp\/v2\/ciea?post=6375"}],"curies":[{"name":"wp","href":"https:\/\/api.w.org\/{rel}","templated":true}]}}