{"id":6404,"date":"2024-09-24T18:49:18","date_gmt":"2024-09-24T16:49:18","guid":{"rendered":"https:\/\/redestudiosafricanos.org\/?post_type=comunicacion&#038;p=6404"},"modified":"2024-10-07T11:37:13","modified_gmt":"2024-10-07T09:37:13","slug":"tecnovigilancia-dos-espacos-publicos-em-africa-notas-preliminares-sobre-os-casos-de-angola-cabo-verde-e-sao-tome-e-principe","status":"publish","type":"comunicacion","link":"https:\/\/redestudiosafricanos.org\/en\/comunicacion\/tecnovigilancia-dos-espacos-publicos-em-africa-notas-preliminares-sobre-os-casos-de-angola-cabo-verde-e-sao-tome-e-principe\/","title":{"rendered":"Tecnovigil\u00e2ncia dos espa\u00e7os p\u00fablicos em \u00c1frica: notas preliminares sobre os casos de Angola, Cabo Verde e S\u00e3o Tom\u00e9 e Pr\u00edncipe"},"content":{"rendered":"<p>A instala\u00e7\u00e3o de c\u00e2meras de videovigil\u00e2ncia nos espa\u00e7os p\u00fablicos, um fen\u00f4meno verificado globalmente h\u00e1 pelo menos quatro d\u00e9cadas (Lyon, 2022), tem se ampliado no continente africano no per\u00edodo mais recente. Tomando como an\u00e1lise os Pa\u00edses Africanos de L\u00edngua Oficial Portuguesa (Palop), tr\u00eas &#8211; Angola, Cabo Verde e S\u00e3o Tom\u00e9 e Pr\u00edncipe &#8211; aprovaram legisla\u00e7\u00f5es para regular o uso desses sistemas, apenas na \u00faltima d\u00e9cada.<\/p>\n<p>Em Angola, a Lei n\u00ba 2\/2020, permite a capta\u00e7\u00e3o, grava\u00e7\u00e3o e tratamento de imagem e som, e menciona que a videovigil\u00e2ncia \u201ccontribui na seguran\u00e7a p\u00fablica, pois auxilia as for\u00e7as policiais e outras, respons\u00e1veis pela defesa, seguran\u00e7a e ordem interna do pa\u00eds\u201d.<\/p>\n<p>Em Cabo Verde, a Lei n\u00ba 86\/VIII\/2015, determina que a videovigil\u00e2ncia tem a \u201cfinalidade de assegurar a prote\u00e7\u00e3o de pessoas e bens, a seguran\u00e7a e ordem p\u00fablicas, prevenir a pr\u00e1tica de crimes e auxiliar a investiga\u00e7\u00e3o criminal\u201d.<\/p>\n<p>J\u00e1 em S\u00e3o Tom\u00e9 e Pr\u00edncipe, a Delibera\u00e7\u00e3o 09\/2018, estabelece \u201ca recolha e o tratamento de imagens e de sons captados em tempo real por sistemas de v\u00eddeo e de fotografia, em circuito fechado, atrav\u00e9s de c\u00e2maras fixas ou atrav\u00e9s de qualquer outro sistema ou meio t\u00e9cnico an\u00e1logo\u201d.<\/p>\n<p>Seja pelo desenvolvimento tecnol\u00f3gico e uso intensivo nos espa\u00e7os p\u00fablicos, que confirmam aquilo que Lyon (2018) chamou de \u201ccultura da vigil\u00e2ncia\u201d, seja pela importa\u00e7\u00e3o de tecnologias fornecidas pelo Norte Global, na dire\u00e7\u00e3o do que Faustino e Lippold (2023) ressaltam sobre \u201ccolonialismo digital\u201d, ou ainda pelos \u201caltos custos em termos de direitos humanos\u201d (Roberts et al., 2023), revela-se importante a produ\u00e7\u00e3o de estudos que evidenciem as implica\u00e7\u00f5es da tecnovigil\u00e2ncia no continente africano.<\/p>\n<p>Neste sentido, o presente trabalho, aqui apresentado em resumo, busca contribuir com essas reflex\u00f5es, tecendo apontamentos preliminares sobre o estado da arte da tecnovigil\u00e2ncia dos espa\u00e7os p\u00fablicos em tr\u00eas pa\u00edses africanos de l\u00edngua oficial portuguesa.<\/p>\n","protected":false},"author":1269,"featured_media":0,"template":"","meta":{"_acf_changed":false,"_et_pb_use_builder":"","_et_pb_old_content":"","_et_gb_content_width":"","footnotes":""},"ciea":[87],"class_list":["post-6404","comunicacion","type-comunicacion","status-publish","hentry","ciea-ciea12"],"acf":[],"_links":{"self":[{"href":"https:\/\/redestudiosafricanos.org\/en\/wp-json\/wp\/v2\/comunicacion\/6404","targetHints":{"allow":["GET"]}}],"collection":[{"href":"https:\/\/redestudiosafricanos.org\/en\/wp-json\/wp\/v2\/comunicacion"}],"about":[{"href":"https:\/\/redestudiosafricanos.org\/en\/wp-json\/wp\/v2\/types\/comunicacion"}],"author":[{"embeddable":true,"href":"https:\/\/redestudiosafricanos.org\/en\/wp-json\/wp\/v2\/users\/1269"}],"version-history":[{"count":1,"href":"https:\/\/redestudiosafricanos.org\/en\/wp-json\/wp\/v2\/comunicacion\/6404\/revisions"}],"predecessor-version":[{"id":6405,"href":"https:\/\/redestudiosafricanos.org\/en\/wp-json\/wp\/v2\/comunicacion\/6404\/revisions\/6405"}],"wp:attachment":[{"href":"https:\/\/redestudiosafricanos.org\/en\/wp-json\/wp\/v2\/media?parent=6404"}],"wp:term":[{"taxonomy":"ciea","embeddable":true,"href":"https:\/\/redestudiosafricanos.org\/en\/wp-json\/wp\/v2\/ciea?post=6404"}],"curies":[{"name":"wp","href":"https:\/\/api.w.org\/{rel}","templated":true}]}}