{"id":6412,"date":"2024-09-25T12:36:20","date_gmt":"2024-09-25T10:36:20","guid":{"rendered":"https:\/\/redestudiosafricanos.org\/?post_type=comunicacion&#038;p=6412"},"modified":"2024-10-07T15:30:52","modified_gmt":"2024-10-07T13:30:52","slug":"lincroyable-puissance-de-la-melanine-el-biocompuesto-que-hace-negras-a-las-personas-negras","status":"publish","type":"comunicacion","link":"https:\/\/redestudiosafricanos.org\/en\/comunicacion\/lincroyable-puissance-de-la-melanine-el-biocompuesto-que-hace-negras-a-las-personas-negras\/","title":{"rendered":"L&#8217;Incroyable Puissance de la M\u00e9lanine: El Biocompuesto que hace negras a las personas negras"},"content":{"rendered":"<p>La melanina, m\u00e1s que un simple pigmento responsable de la coloraci\u00f3n de la piel, los ojos y el cabello, es un biocompuesto fundamental con m\u00faltiples funciones bioqu\u00edmicas que van m\u00e1s all\u00e1 de lo visible. Adem\u00e1s de su rol en la protecci\u00f3n contra los rayos UV, la melanina desempe\u00f1a un papel crucial en la evoluci\u00f3n humana, particularmente en las poblaciones africanas y afrodescendientes, donde ha contribuido a la resiliencia biol\u00f3gica frente a las condiciones ambientales adversas.<\/p>\n<p>Esta comunicaci\u00f3n explorar\u00e1 el impacto de la melanina en la evoluci\u00f3n de los seres humanos, con especial \u00e9nfasis en su influencia en las identidades biol\u00f3gicas y culturales de las personas de piel negra. A trav\u00e9s de un enfoque multidisciplinario, se examinar\u00e1n las propiedades protectoras de la melanina y su capacidad para resistir los da\u00f1os causados por la radiaci\u00f3n solar, lo que explica en parte la prevalencia de pieles oscuras en regiones ecuatoriales.<\/p>\n<p>Adem\u00e1s de su funci\u00f3n evolutiva, se discutir\u00e1n los avances cient\u00edficos recientes que investigan las aplicaciones de la melanina en campos como la medicina, donde se ha observado su potencial en la prevenci\u00f3n de enfermedades relacionadas con el da\u00f1o solar, y en la tecnolog\u00eda, donde se exploran sus propiedades como conductor de energ\u00eda. Esta presentaci\u00f3n tambi\u00e9n destacar\u00e1 c\u00f3mo la melanina, m\u00e1s all\u00e1 de ser un factor est\u00e9tico, es un componente integral de la identidad africana y afrodescendiente, contribuyendo a la resistencia f\u00edsica y simb\u00f3lica de estas poblaciones frente a desaf\u00edos hist\u00f3ricos y contempor\u00e1neos.<\/p>\n<p>Con este enfoque, la conferencia subrayar\u00e1 el rol esencial que juega la melanina en la biolog\u00eda humana y en la construcci\u00f3n de una narrativa positiva y empoderadora sobre la identidad afrodescendiente.<\/p>\n","protected":false},"author":1273,"featured_media":0,"template":"","meta":{"_acf_changed":false,"_et_pb_use_builder":"","_et_pb_old_content":"","_et_gb_content_width":"","footnotes":""},"ciea":[87],"class_list":["post-6412","comunicacion","type-comunicacion","status-publish","hentry","ciea-ciea12"],"acf":[],"_links":{"self":[{"href":"https:\/\/redestudiosafricanos.org\/en\/wp-json\/wp\/v2\/comunicacion\/6412","targetHints":{"allow":["GET"]}}],"collection":[{"href":"https:\/\/redestudiosafricanos.org\/en\/wp-json\/wp\/v2\/comunicacion"}],"about":[{"href":"https:\/\/redestudiosafricanos.org\/en\/wp-json\/wp\/v2\/types\/comunicacion"}],"author":[{"embeddable":true,"href":"https:\/\/redestudiosafricanos.org\/en\/wp-json\/wp\/v2\/users\/1273"}],"version-history":[{"count":1,"href":"https:\/\/redestudiosafricanos.org\/en\/wp-json\/wp\/v2\/comunicacion\/6412\/revisions"}],"predecessor-version":[{"id":6413,"href":"https:\/\/redestudiosafricanos.org\/en\/wp-json\/wp\/v2\/comunicacion\/6412\/revisions\/6413"}],"wp:attachment":[{"href":"https:\/\/redestudiosafricanos.org\/en\/wp-json\/wp\/v2\/media?parent=6412"}],"wp:term":[{"taxonomy":"ciea","embeddable":true,"href":"https:\/\/redestudiosafricanos.org\/en\/wp-json\/wp\/v2\/ciea?post=6412"}],"curies":[{"name":"wp","href":"https:\/\/api.w.org\/{rel}","templated":true}]}}