{"id":6427,"date":"2024-09-25T18:08:46","date_gmt":"2024-09-25T16:08:46","guid":{"rendered":"https:\/\/redestudiosafricanos.org\/?post_type=comunicacion&#038;p=6427"},"modified":"2024-10-11T16:15:54","modified_gmt":"2024-10-11T14:15:54","slug":"securitizacion-y-necropolitica-en-la-ruta-atlantica-una-aproximacion-desde-las-teorias-de-necesidades-humanas","status":"publish","type":"comunicacion","link":"https:\/\/redestudiosafricanos.org\/en\/comunicacion\/securitizacion-y-necropolitica-en-la-ruta-atlantica-una-aproximacion-desde-las-teorias-de-necesidades-humanas\/","title":{"rendered":"Securitizaci\u00f3n y Necropol\u00edtica en la Ruta Atl\u00e1ntica: Una Aproximaci\u00f3n desde las Teor\u00edas de Necesidades Humanas"},"content":{"rendered":"<p>Esta comunicaci\u00f3n presenta un an\u00e1lisis cr\u00edtico de la Ruta Atl\u00e1ntica hacia Canarias, abordando los conceptos de securitizaci\u00f3n y necropol\u00edtica, vincul\u00e1ndolos con las teor\u00edas de necesidades humanas de autores como Max-Neef, Nussbaum y Maslow. Se parte de la premisa de que las pol\u00edticas migratorias actuales, centradas en la seguridad y el control fronterizo, crean un entorno donde las necesidades fundamentales de las personas migrantes\u2014subsistencia, protecci\u00f3n, identidad y participaci\u00f3n\u2014son sistem\u00e1ticamente ignoradas o incluso negadas. Estas pol\u00edticas, sostenidas bajo una l\u00f3gica securitizadora, perciben la migraci\u00f3n como una amenaza, justificando la implementaci\u00f3n de medidas restrictivas que perpet\u00faan la precariedad de las personas tanto en origen como en tr\u00e1nsito, con consecuencias que se reflejan en el aumento de rutas inseguras y la p\u00e9rdida de vidas.<br \/>\nLa Ruta Atl\u00e1ntica es examinada como un fen\u00f3meno estructural, oculto tras la falsa emergencia, utilizada para legitimar pol\u00edticas excepcionales y la militarizaci\u00f3n de las fronteras. Este enfoque, perpetuado bajo el discurso del \u201ccontrol de flujos ilegales\u201d, ha sido reactivado en momentos espec\u00edficos, vinculado al contexto pol\u00edtico del Plan \u00c1frica, y mostrando una tendencia hacia la militarizaci\u00f3n y externalizaci\u00f3n del control migratorio, que afecta tanto a los pa\u00edses de origen como de tr\u00e1nsito.<br \/>\nVinculamos las teor\u00edas de necesidades de Max-Neef, Nussbaum y Maslow con la necropol\u00edtica, argumentando que la negaci\u00f3n sistem\u00e1tica de las necesidades fundamentales de las personas migrantes puede considerarse una forma m\u00e1s de necropol\u00edtica. Adem\u00e1s, exploramos c\u00f3mo la perspectiva afropesimista y la cooperaci\u00f3n paternalista refuerzan una narrativa colonialista que limita la autonom\u00eda y el reconocimiento de los derechos de las propias personas migrantes. Finalmente, proponemos un enfoque alternativo basado en la satisfacci\u00f3n de las necesidades humanas, priorizando pol\u00edticas que aborden la migraci\u00f3n desde una \u00f3ptica de derechos y bienestar, en lugar de enfocarse \u00fanicamente en la seguridad y el control.<\/p>\n","protected":false},"author":1239,"featured_media":0,"template":"","meta":{"_acf_changed":false,"_et_pb_use_builder":"","_et_pb_old_content":"","_et_gb_content_width":"","footnotes":""},"ciea":[87],"class_list":["post-6427","comunicacion","type-comunicacion","status-publish","hentry","ciea-ciea12"],"acf":[],"_links":{"self":[{"href":"https:\/\/redestudiosafricanos.org\/en\/wp-json\/wp\/v2\/comunicacion\/6427","targetHints":{"allow":["GET"]}}],"collection":[{"href":"https:\/\/redestudiosafricanos.org\/en\/wp-json\/wp\/v2\/comunicacion"}],"about":[{"href":"https:\/\/redestudiosafricanos.org\/en\/wp-json\/wp\/v2\/types\/comunicacion"}],"author":[{"embeddable":true,"href":"https:\/\/redestudiosafricanos.org\/en\/wp-json\/wp\/v2\/users\/1239"}],"version-history":[{"count":2,"href":"https:\/\/redestudiosafricanos.org\/en\/wp-json\/wp\/v2\/comunicacion\/6427\/revisions"}],"predecessor-version":[{"id":7031,"href":"https:\/\/redestudiosafricanos.org\/en\/wp-json\/wp\/v2\/comunicacion\/6427\/revisions\/7031"}],"wp:attachment":[{"href":"https:\/\/redestudiosafricanos.org\/en\/wp-json\/wp\/v2\/media?parent=6427"}],"wp:term":[{"taxonomy":"ciea","embeddable":true,"href":"https:\/\/redestudiosafricanos.org\/en\/wp-json\/wp\/v2\/ciea?post=6427"}],"curies":[{"name":"wp","href":"https:\/\/api.w.org\/{rel}","templated":true}]}}