{"id":6438,"date":"2024-09-26T09:52:08","date_gmt":"2024-09-26T07:52:08","guid":{"rendered":"https:\/\/redestudiosafricanos.org\/?post_type=comunicacion&#038;p=6438"},"modified":"2024-10-07T11:41:55","modified_gmt":"2024-10-07T09:41:55","slug":"lextremisme-violent-dans-le-nord-du-benin-facteurs-et-trajectoires-dexpansion","status":"publish","type":"comunicacion","link":"https:\/\/redestudiosafricanos.org\/en\/comunicacion\/lextremisme-violent-dans-le-nord-du-benin-facteurs-et-trajectoires-dexpansion\/","title":{"rendered":"L&#8217;extr\u00e9misme violent dans le Nord du B\u00e9nin : Facteurs et trajectoires d&#8217;expansion"},"content":{"rendered":"<p>L\u2019Afrique de l\u2019Ouest, depuis plus d\u2019une d\u00e9cennie, est confront\u00e9e au ph\u00e9nom\u00e8ne de l\u2019extr\u00e9misme violent, un ph\u00e9nom\u00e8ne complexe qui a transform\u00e9 le paysage socio-politique des \u00c9tats de la sous-r\u00e9gion dont le B\u00e9nin qui, depuis des lustres, est confront\u00e9 \u00e0 des d\u00e9fis s\u00e9curitaires majeurs dans sa partie septentrionale o\u00f9 l\u2019on enregistre \u00e0 r\u00e9p\u00e9tition depuis 2019 des incursions insolites sur le territoire national et des attaques terroristes semant la terreur et la d\u00e9solation au sein des populations. Les sph\u00e8res de contextualisation et la typologie des acteurs apparaissent, ici comme ailleurs, bien vari\u00e9es. Le Nord du B\u00e9nin a en effet connu depuis 2019 une situation peu habituelle. D\u00e8s 2019, l\u2019enl\u00e8vement de deux touristes fran\u00e7ais et l\u2019\u00e9gorgement de leur guide dans le parc Pendjari avaient envoy\u00e9 un premier signal d\u2019alarme quant \u00e0 la proximit\u00e9 des groupes extr\u00e9mistes avec le pays. Cet \u00e9v\u00e9nement a boulevers\u00e9 les dynamiques s\u00e9curitaires du pays traditionnellement per\u00e7u comme un bastion de stabilit\u00e9 en Afrique de l\u2019Ouest parce que n\u2019ayant pas connu des actes extr\u00e9mistes dans une r\u00e9gion o\u00f9 op\u00e8rent de nombreux groupes extr\u00e9mistes violents li\u00e9s \u00e0 AQMI et \u00e0 l\u2019organisation de l\u2019\u00c9tat islamique. Affectant de fa\u00e7on dramatique la qui\u00e9tude et la coh\u00e9sion sociale des populations, le drame ainsi enregistr\u00e9 pour la premi\u00e8re fois dans l\u2019histoire du pays a conduit les autorit\u00e9s publiques \u00e0 modifier l\u2019agenda politique, s\u00e9curitaire et social du pays.  Il en est r\u00e9sult\u00e9 une s\u00e9rie de mesures de tous genres, qui indiquent les r\u00e9ponses du gouvernement \u00e0 l\u2019hydre extr\u00e9miste qui montre sa t\u00eate vicieuse dans le nord du pays. Par-del\u00e0 les combats en retour, instantan\u00e9s ou apr\u00e8s coup, ces mesures illustrent comment l\u2019intensit\u00e9 et la f\u00e9rocit\u00e9 des actes extr\u00e9mistes peut engendrer des changements durables dans les politiques gouvernementales et la vie quotidienne des populations.<\/p>\n","protected":false},"author":1137,"featured_media":0,"template":"","meta":{"_acf_changed":false,"_et_pb_use_builder":"","_et_pb_old_content":"","_et_gb_content_width":"","footnotes":""},"ciea":[87],"class_list":["post-6438","comunicacion","type-comunicacion","status-publish","hentry","ciea-ciea12"],"acf":[],"_links":{"self":[{"href":"https:\/\/redestudiosafricanos.org\/en\/wp-json\/wp\/v2\/comunicacion\/6438","targetHints":{"allow":["GET"]}}],"collection":[{"href":"https:\/\/redestudiosafricanos.org\/en\/wp-json\/wp\/v2\/comunicacion"}],"about":[{"href":"https:\/\/redestudiosafricanos.org\/en\/wp-json\/wp\/v2\/types\/comunicacion"}],"author":[{"embeddable":true,"href":"https:\/\/redestudiosafricanos.org\/en\/wp-json\/wp\/v2\/users\/1137"}],"version-history":[{"count":1,"href":"https:\/\/redestudiosafricanos.org\/en\/wp-json\/wp\/v2\/comunicacion\/6438\/revisions"}],"predecessor-version":[{"id":6439,"href":"https:\/\/redestudiosafricanos.org\/en\/wp-json\/wp\/v2\/comunicacion\/6438\/revisions\/6439"}],"wp:attachment":[{"href":"https:\/\/redestudiosafricanos.org\/en\/wp-json\/wp\/v2\/media?parent=6438"}],"wp:term":[{"taxonomy":"ciea","embeddable":true,"href":"https:\/\/redestudiosafricanos.org\/en\/wp-json\/wp\/v2\/ciea?post=6438"}],"curies":[{"name":"wp","href":"https:\/\/api.w.org\/{rel}","templated":true}]}}