{"id":6472,"date":"2024-09-27T13:06:15","date_gmt":"2024-09-27T11:06:15","guid":{"rendered":"https:\/\/redestudiosafricanos.org\/?post_type=comunicacion&#038;p=6472"},"modified":"2024-10-11T23:55:26","modified_gmt":"2024-10-11T21:55:26","slug":"o-modelo-inclusivo-a-articulacao-politica-do-rio-a-ribeira-afonso-sao-tome-republica-democratica-de-sao-tome-e-principe","status":"publish","type":"comunicacion","link":"https:\/\/redestudiosafricanos.org\/en\/comunicacion\/o-modelo-inclusivo-a-articulacao-politica-do-rio-a-ribeira-afonso-sao-tome-republica-democratica-de-sao-tome-e-principe\/","title":{"rendered":"O modelo inclusivo a articula\u00e7\u00e3o pol\u00edtica do rio: a Ribeira Afonso (S\u00e3o Tom\u00e9, Rep\u00fablica Democr\u00e1tica de S\u00e3o Tom\u00e9 e Pr\u00edncipe)"},"content":{"rendered":"<p>A \u00e1gua \u00e9 elemento essencial e estrat\u00e9gico para a natureza e para as sociedades humanas, mas \u00e9 tamb\u00e9m um recurso limitado. O seu uso tem repercuss\u00f5es sociais, pol\u00edticas e econ\u00f3micas. A literatura e as estrat\u00e9gias contempor\u00e2neas de gest\u00e3o urbana sugerem a ado\u00e7\u00e3o de modelos inclusivos e participativos em diversas fases da administra\u00e7\u00e3o p\u00fablica, visando garantir a efici\u00eancia, efic\u00e1cia e transpar\u00eancia na gest\u00e3o de recursos e servi\u00e7os p\u00fablicos. As pol\u00edticas centralizadas e o modelo de gest\u00e3o santomense divergem das diretrizes internacionais que promovem novos contextos sociais, mais descentralizados e participativos. Esta  contribui\u00e7\u00e3o tem como objetivo examinar a efic\u00e1cia e o impacto da participa\u00e7\u00e3o p\u00fablica na gest\u00e3o dos recursos h\u00eddricos para a Ilha de S\u00e3o Tom\u00e9, com especial enfoque na Ribeira Afonso, no Distrito de Cantagalo, atrav\u00e9s de uma abordagem estruturada e multifacetada. Partindo do pressuposto que o conflito relacionado \u00e0s crises clim\u00e1ticas e ambientais deve ser administrado produtivamente por meio do engajamento democr\u00e1tico, foram realizadas pesquisas bibliogr\u00e1ficas e revis\u00f5es explorat\u00f3rias e integrativas sobre a governa\u00e7\u00e3o participativa. A participa\u00e7\u00e3o p\u00fablica na gest\u00e3o h\u00eddrica n\u00e3o s\u00f3 fortalece a administra\u00e7\u00e3o dos recursos h\u00eddricos, mas tamb\u00e9m favorece uma abordagem mais inclusiva, transparente e sustent\u00e1vel, garantindo a seguran\u00e7a h\u00eddrica e contribuindo para o bem-estar das comunidades e para o equil\u00edbrio ambiental. <\/p>\n<p>Palavras-chaves: Participa\u00e7\u00e3o P\u00fablica; Governan\u00e7a Participativa da \u00c1gua, Ci\u00eancia Cidad\u00e3; Gest\u00e3o H\u00eddrica, Ribeira Afonso <\/p>\n<p>RECONHECIMENTO: Esta pesquisa \u00e9 fundamentada no \u00e2mbito dos projetos RUN| R\u00edos Urbanos Naturalizados financiado por Cyted- Programa Ibero-americano de Ci\u00eancia e Tecnologia para o Desenvolvimento (Contrato 420RT0008,https:\/\/cyted.org\/es\/run), ECS| European Citizen Science financiado pelo Horizon Europe Framework Programme for Research and Innovation (contrato n\u00ba 101058509)<\/p>\n","protected":false},"author":1129,"featured_media":0,"template":"","meta":{"_acf_changed":false,"_et_pb_use_builder":"","_et_pb_old_content":"","_et_gb_content_width":"","footnotes":""},"ciea":[87],"class_list":["post-6472","comunicacion","type-comunicacion","status-publish","hentry","ciea-ciea12"],"acf":[],"_links":{"self":[{"href":"https:\/\/redestudiosafricanos.org\/en\/wp-json\/wp\/v2\/comunicacion\/6472","targetHints":{"allow":["GET"]}}],"collection":[{"href":"https:\/\/redestudiosafricanos.org\/en\/wp-json\/wp\/v2\/comunicacion"}],"about":[{"href":"https:\/\/redestudiosafricanos.org\/en\/wp-json\/wp\/v2\/types\/comunicacion"}],"author":[{"embeddable":true,"href":"https:\/\/redestudiosafricanos.org\/en\/wp-json\/wp\/v2\/users\/1129"}],"version-history":[{"count":1,"href":"https:\/\/redestudiosafricanos.org\/en\/wp-json\/wp\/v2\/comunicacion\/6472\/revisions"}],"predecessor-version":[{"id":6473,"href":"https:\/\/redestudiosafricanos.org\/en\/wp-json\/wp\/v2\/comunicacion\/6472\/revisions\/6473"}],"wp:attachment":[{"href":"https:\/\/redestudiosafricanos.org\/en\/wp-json\/wp\/v2\/media?parent=6472"}],"wp:term":[{"taxonomy":"ciea","embeddable":true,"href":"https:\/\/redestudiosafricanos.org\/en\/wp-json\/wp\/v2\/ciea?post=6472"}],"curies":[{"name":"wp","href":"https:\/\/api.w.org\/{rel}","templated":true}]}}