{"id":6476,"date":"2024-09-27T14:58:07","date_gmt":"2024-09-27T12:58:07","guid":{"rendered":"https:\/\/redestudiosafricanos.org\/?post_type=comunicacion&#038;p=6476"},"modified":"2024-10-07T11:37:22","modified_gmt":"2024-10-07T09:37:22","slug":"ecos-em-luis-carlos-patraquim","status":"publish","type":"comunicacion","link":"https:\/\/redestudiosafricanos.org\/en\/comunicacion\/ecos-em-luis-carlos-patraquim\/","title":{"rendered":"Eco(s), em Lu\u00eds Carlos Patraquim"},"content":{"rendered":"<p>Lu\u00eds Carlos Patraquim faz parte de uma gera\u00e7\u00e3o de poetas mo\u00e7ambicanos que de acordo com Ana Mafalda Leite reinventaram posi\u00e7\u00f5es das \u201clinguagens po\u00e9ticas anteriores\u201d (Leite, 1985, p. 5). Sua primeira publica\u00e7\u00e3o data de 1980, na estreia de uma obra paradigm\u00e1tica, mas no entanto pouco discutida no cen\u00e1rio da literatura mo\u00e7ambicana. Mon\u00e7\u00e3o (1980), nesse sentido, estabelece o preenchimento de um vazio institu\u00eddo desde a publica\u00e7\u00e3o da obra A Ilha de Pr\u00f3spero de 1972, de Rui Knopfli, no que tange a inscri\u00e7\u00e3o de itiner\u00e1rios po\u00e9ticos voltados \u00e0 proposi\u00e7\u00e3o de \u201cpaisagens h\u00famidas\u201d (Patraquim, 1980) e, sobretudo, de cartografias mar\u00edtimas ancoradas pela presen\u00e7a do Oceano \u00cdndico e da Ilha de Mo\u00e7ambique. Paralelamente, as obras posteriores de Lu\u00eds Carlos Patraquim, A Inadi\u00e1vel Viagem (1985), e Vinte e tal Novas Formula\u00e7\u00f5es e uma Elegia Carn\u00edvora (1991), revelam-se como exemplos de um projeto liter\u00e1rio que pretende reintegrar um conjunto de vozes po\u00e9ticas e culturais nas \u201cformula\u00e7\u00f5es\u201d de um \u201ceu\u201d em constante movimento, e, sobretudo, na acep\u00e7\u00e3o e no questionamento de uma \u201cnova\u201d linguagem po\u00e9tica. Isso se estabelece por um jogo intertextual e metaliter\u00e1rio, no qual Patraquim \u00e9 entendido como o \u201cint\u00e9rprete de um legado\u201d (Leite, 1991). Desse modo, esta comunica\u00e7\u00e3o pretende abordar a ideia de \u201cEco(s)\u201d em Lu\u00eds Carlos Patraquim, defendendo o fato de que a poesia do autor \u00e9 composta dialeticamente por uma puls\u00e3o ecol\u00f3gica que pauta o seu projeto liter\u00e1rio por meio de cartografias aqu\u00e1ticas ou ainda \u201csem limites\u201d (Patraquim, 1980), e sobretudo, por uma tarefa de (re)inventar a linguagem por meio de encontros afetivos entre os sujeitos l\u00edricos, as \u201cpaisagens h\u00famidas\u201d, e a sistematiza\u00e7\u00e3o de gera\u00e7\u00f5es po\u00e9ticas mo\u00e7ambicanas que (re)interpretam o passado liter\u00e1rio. Eco(s), em Lu\u00eds Carlos Patraquim &#8211; adquire uma dimens\u00e3o de cunho conceitual e est\u00e9tico, abordando as devidas articula\u00e7\u00f5es entre poesia e ecocr\u00edtica, ou literatura e ecologia.<\/p>\n","protected":false},"author":1296,"featured_media":0,"template":"","meta":{"_acf_changed":false,"_et_pb_use_builder":"","_et_pb_old_content":"","_et_gb_content_width":"","footnotes":""},"ciea":[87],"class_list":["post-6476","comunicacion","type-comunicacion","status-publish","hentry","ciea-ciea12"],"acf":[],"_links":{"self":[{"href":"https:\/\/redestudiosafricanos.org\/en\/wp-json\/wp\/v2\/comunicacion\/6476","targetHints":{"allow":["GET"]}}],"collection":[{"href":"https:\/\/redestudiosafricanos.org\/en\/wp-json\/wp\/v2\/comunicacion"}],"about":[{"href":"https:\/\/redestudiosafricanos.org\/en\/wp-json\/wp\/v2\/types\/comunicacion"}],"author":[{"embeddable":true,"href":"https:\/\/redestudiosafricanos.org\/en\/wp-json\/wp\/v2\/users\/1296"}],"version-history":[{"count":1,"href":"https:\/\/redestudiosafricanos.org\/en\/wp-json\/wp\/v2\/comunicacion\/6476\/revisions"}],"predecessor-version":[{"id":6477,"href":"https:\/\/redestudiosafricanos.org\/en\/wp-json\/wp\/v2\/comunicacion\/6476\/revisions\/6477"}],"wp:attachment":[{"href":"https:\/\/redestudiosafricanos.org\/en\/wp-json\/wp\/v2\/media?parent=6476"}],"wp:term":[{"taxonomy":"ciea","embeddable":true,"href":"https:\/\/redestudiosafricanos.org\/en\/wp-json\/wp\/v2\/ciea?post=6476"}],"curies":[{"name":"wp","href":"https:\/\/api.w.org\/{rel}","templated":true}]}}