{"id":6506,"date":"2024-09-28T15:15:21","date_gmt":"2024-09-28T13:15:21","guid":{"rendered":"https:\/\/redestudiosafricanos.org\/?post_type=comunicacion&#038;p=6506"},"modified":"2024-10-07T11:37:23","modified_gmt":"2024-10-07T09:37:23","slug":"de-la-simbolica-sankarista-al-autoritarismo-paranoico-de-la-junta-militar-en-burkina-faso-anatomia-de-un-golpe-de-estado-un-coup-dans-le-coup","status":"publish","type":"comunicacion","link":"https:\/\/redestudiosafricanos.org\/en\/comunicacion\/de-la-simbolica-sankarista-al-autoritarismo-paranoico-de-la-junta-militar-en-burkina-faso-anatomia-de-un-golpe-de-estado-un-coup-dans-le-coup\/","title":{"rendered":"De la simb\u00f3lica sankarista al autoritarismo paranoico de la junta militar en Burkina Faso: anatom\u00eda de un golpe de Estado, \u201cun coup dans le coup\u201d"},"content":{"rendered":"<p>El a\u00f1o 2022 ha sido marcado por dos golpes de Estado en Burkina Faso: el 31 de enero, el teniente coronel Paul-Henri Sandaogo Damiba tom\u00f3 el poder de las manos del presidente Roch-Marc Kabor\u00e9; ocho meses despu\u00e9s, el 30 de septiembre, el capit\u00e1n Ibrahim Traor\u00e9 derroc\u00f3 a Damiba para tomar las riendas del pa\u00eds. En ambos casos, la degradaci\u00f3n de la situaci\u00f3n securitaria y la multiplicaci\u00f3n de incidentes en los que fallecieron representantes de las fuerzas de defensa y seguridad han sido el hilo conductor de estos cambios anticonstitucionales de gobierno orquestados por miembros del ej\u00e9rcito. No obstante, el \u201ccoup dans le coup\u201d de IB (apodo otorgado a Traor\u00e9) ha sido acompa\u00f1ado por una dimensi\u00f3n simb\u00f3lica, que foment\u00f3 una legitimidad no-democr\u00e1tica, fuera de las urnas electorales.<br \/>\nLa ret\u00f3rica anti-occidental de la junta militar dirigida por IB se inscribe dentro de un proceso global de descolonizaci\u00f3n de las sociedades, m\u00e1s de sesenta a\u00f1os despu\u00e9s de la independencia de los Estados sahelianos. La construcci\u00f3n de la narrativa del poder de Traor\u00e9 gira en torno a la figura emblem\u00e1tica de Thomas Sankara, como s\u00edmbolo del anti-imperialismo y del panafricanismo. Sin embargo, bajo las apariencias de soberan\u00eda nacional, el ejercicio del poder se convierte en una dictadura impregnada de paranoia, en lo cual cualquier m\u00ednima expresi\u00f3n cr\u00edtica constituye un motivo de represi\u00f3n violenta.<br \/>\nEn comparaci\u00f3n con Mal\u00ed y N\u00edger, la personalizaci\u00f3n del poder a trav\u00e9s de la figura de IB en Burkina Faso parece alimentarse de m\u00e1s s\u00edmbolos para forjar su legitimidad. Frente a la continua p\u00e9rdida de control del territorio por el Estado en cara a los grupos armados y al autoritarismo creciente del poder, se puede cuestionar la permanencia de tal r\u00e9gimen, no s\u00f3lo en relaci\u00f3n con factores internos sino tambi\u00e9n en funci\u00f3n de las din\u00e1micas y equilibrios regionales.<\/p>\n","protected":false},"author":1307,"featured_media":0,"template":"","meta":{"_acf_changed":false,"_et_pb_use_builder":"","_et_pb_old_content":"","_et_gb_content_width":"","footnotes":""},"ciea":[87],"class_list":["post-6506","comunicacion","type-comunicacion","status-publish","hentry","ciea-ciea12"],"acf":[],"_links":{"self":[{"href":"https:\/\/redestudiosafricanos.org\/en\/wp-json\/wp\/v2\/comunicacion\/6506","targetHints":{"allow":["GET"]}}],"collection":[{"href":"https:\/\/redestudiosafricanos.org\/en\/wp-json\/wp\/v2\/comunicacion"}],"about":[{"href":"https:\/\/redestudiosafricanos.org\/en\/wp-json\/wp\/v2\/types\/comunicacion"}],"author":[{"embeddable":true,"href":"https:\/\/redestudiosafricanos.org\/en\/wp-json\/wp\/v2\/users\/1307"}],"version-history":[{"count":1,"href":"https:\/\/redestudiosafricanos.org\/en\/wp-json\/wp\/v2\/comunicacion\/6506\/revisions"}],"predecessor-version":[{"id":6507,"href":"https:\/\/redestudiosafricanos.org\/en\/wp-json\/wp\/v2\/comunicacion\/6506\/revisions\/6507"}],"wp:attachment":[{"href":"https:\/\/redestudiosafricanos.org\/en\/wp-json\/wp\/v2\/media?parent=6506"}],"wp:term":[{"taxonomy":"ciea","embeddable":true,"href":"https:\/\/redestudiosafricanos.org\/en\/wp-json\/wp\/v2\/ciea?post=6506"}],"curies":[{"name":"wp","href":"https:\/\/api.w.org\/{rel}","templated":true}]}}