{"id":6540,"date":"2024-09-29T12:02:02","date_gmt":"2024-09-29T10:02:02","guid":{"rendered":"https:\/\/redestudiosafricanos.org\/?post_type=comunicacion&#038;p=6540"},"modified":"2024-10-07T11:42:09","modified_gmt":"2024-10-07T09:42:09","slug":"le-genre-au-coeur-des-mtn-pour-une-lutte-inclusive","status":"publish","type":"comunicacion","link":"https:\/\/redestudiosafricanos.org\/en\/comunicacion\/le-genre-au-coeur-des-mtn-pour-une-lutte-inclusive\/","title":{"rendered":"Le Genre au c\u0153ur des MTN pour une lutte inclusive."},"content":{"rendered":"<p>Les Maladies Tropicales N\u00e9glig\u00e9es (MTN) affectent des millions de personnes dans les pays en d\u00e9veloppement, et leurs cons\u00e9quences vont au-del\u00e0 des impacts sanitaires en exacerbant les in\u00e9galit\u00e9s sociales et \u00e9conomiques. Ce fardeau touche de mani\u00e8re disproportionn\u00e9e les populations marginalis\u00e9es, en particulier les femmes et les filles, qui sont souvent responsables des soins aux enfants, aux malades et aux personnes \u00e2g\u00e9es. Ces r\u00f4les sociaux influencent leur acc\u00e8s aux soins, leur capacit\u00e9 \u00e0 prendre des d\u00e9cisions de sant\u00e9, et leur acceptation des traitements, notamment pour des maladies chroniques et stigmatisantes comme la l\u00e8pre et l\u2019ulc\u00e8re de Buruli.<br \/>\nUne approche inclusive dans la lutte contre les MTN exige l\u2019int\u00e9gration d\u2019une perspective genre. En prenant en compte les dynamiques de pouvoir, les r\u00f4les traditionnels et les in\u00e9galit\u00e9s \u00e9conomiques, les strat\u00e9gies de pr\u00e9vention, de traitement et de r\u00e9habilitation peuvent \u00eatre mieux adapt\u00e9es aux besoins sp\u00e9cifiques des femmes, des hommes, des jeunes et des personnes \u00e2g\u00e9es. Cela permet non seulement de r\u00e9duire les disparit\u00e9s en mati\u00e8re de sant\u00e9, mais aussi de rendre les interventions plus efficaces.<br \/>\nCette communication s\u2019appuie sur des \u00e9tudes de cas men\u00e9es au B\u00e9nin, qui montrent l\u2019importance de prendre en compte le genre dans les politiques de sant\u00e9 publique. En mettant en lumi\u00e8re les bonnes pratiques observ\u00e9es dans ces contextes, nous proposons des recommandations concr\u00e8tes pour garantir que les programmes de lutte contre les MTN soient v\u00e9ritablement inclusifs et \u00e9quitables. Int\u00e9grer la dimension genre dans ces efforts permet non seulement d&#039;am\u00e9liorer la prestation des soins, mais aussi de contribuer \u00e0 la r\u00e9alisation des Objectifs de D\u00e9veloppement Durable (ODD) li\u00e9s \u00e0 la sant\u00e9, la pauvret\u00e9 et la r\u00e9duction des in\u00e9galit\u00e9s.<\/p>\n","protected":false},"author":1304,"featured_media":0,"template":"","meta":{"_acf_changed":false,"_et_pb_use_builder":"","_et_pb_old_content":"","_et_gb_content_width":"","footnotes":""},"ciea":[87],"class_list":["post-6540","comunicacion","type-comunicacion","status-publish","hentry","ciea-ciea12"],"acf":[],"_links":{"self":[{"href":"https:\/\/redestudiosafricanos.org\/en\/wp-json\/wp\/v2\/comunicacion\/6540","targetHints":{"allow":["GET"]}}],"collection":[{"href":"https:\/\/redestudiosafricanos.org\/en\/wp-json\/wp\/v2\/comunicacion"}],"about":[{"href":"https:\/\/redestudiosafricanos.org\/en\/wp-json\/wp\/v2\/types\/comunicacion"}],"author":[{"embeddable":true,"href":"https:\/\/redestudiosafricanos.org\/en\/wp-json\/wp\/v2\/users\/1304"}],"version-history":[{"count":1,"href":"https:\/\/redestudiosafricanos.org\/en\/wp-json\/wp\/v2\/comunicacion\/6540\/revisions"}],"predecessor-version":[{"id":6541,"href":"https:\/\/redestudiosafricanos.org\/en\/wp-json\/wp\/v2\/comunicacion\/6540\/revisions\/6541"}],"wp:attachment":[{"href":"https:\/\/redestudiosafricanos.org\/en\/wp-json\/wp\/v2\/media?parent=6540"}],"wp:term":[{"taxonomy":"ciea","embeddable":true,"href":"https:\/\/redestudiosafricanos.org\/en\/wp-json\/wp\/v2\/ciea?post=6540"}],"curies":[{"name":"wp","href":"https:\/\/api.w.org\/{rel}","templated":true}]}}