{"id":6542,"date":"2024-09-29T12:07:35","date_gmt":"2024-09-29T10:07:35","guid":{"rendered":"https:\/\/redestudiosafricanos.org\/?post_type=comunicacion&#038;p=6542"},"modified":"2024-10-15T07:56:14","modified_gmt":"2024-10-15T05:56:14","slug":"etude-sur-les-handicaps-lies-aux-maladies-tropicales-negligees-approche-et-perspectives-africaines","status":"publish","type":"comunicacion","link":"https:\/\/redestudiosafricanos.org\/en\/comunicacion\/etude-sur-les-handicaps-lies-aux-maladies-tropicales-negligees-approche-et-perspectives-africaines\/","title":{"rendered":"\u00c9tude sur les handicaps li\u00e9s aux Maladies Tropicales N\u00e9glig\u00e9es : approche et perspectives africaines"},"content":{"rendered":"<p>Les personnes atteintes de Maladies Tropicales N\u00e9glig\u00e9es (MTN), d\u00e9pist\u00e9es tardivement, souffrent de s\u00e9quelles invalidantes entra\u00eenant des handicaps significatifs, affectant leur vie sociale et \u00e9conomique. Cependant, il manque un consensus sur les d\u00e9finitions du handicap, son incidence et sa r\u00e9partition entre pays, ainsi que sur les documents pour \u00e9laborer des politiques adapt\u00e9es aux besoins des personnes handicap\u00e9es. <br \/>\nPour surmonter ces d\u00e9fis, une recherche sur le handicap li\u00e9 aux MTN est en cours depuis 2021 au B\u00e9nin et en C\u00f4te d&#039;Ivoire. Ladite \u00e9tude, pr\u00e9vue pour se terminer en 2025, est men\u00e9e par une \u00e9quipe africaine de chercheurs, incluant \u00e9galement des personnes directement touch\u00e9es par les MTN dans la recherche ethnographique.<br \/>\nIl s&#039;agit d&#039;une recherche-action participative visant \u00e0 comprendre l&#039;exp\u00e9rience du handicap, \u00e0 am\u00e9liorer les conditions sociales de vie, de soins de sant\u00e9 afin de favoriser une pleine participation sociale des personnes en situation de handicap. Ce mod\u00e8le de recherche suit les principes de l&#039;investigation socio-anthropologique pour mieux comprendre les exp\u00e9riences individuelles et communautaires li\u00e9es au handicap. Il vise \u00e0 promouvoir une r\u00e9ponse de l&#039;\u00e9cosyst\u00e8me scientifique africain en analysant les r\u00e9actions des populations africaines affect\u00e9es par les MTN.<br \/>\nLes connaissances g\u00e9n\u00e9r\u00e9es par cette recherche seront utilis\u00e9es pour faire avancer les politiques publiques de sant\u00e9 en mati\u00e8re de gestion du handicap, en fournissant des outils d&#039;incidence politique aux organisations de personnes en situation de handicap cr\u00e9\u00e9es dans le cadre de l&#039;\u00e9tude. L&#039;approche inclusive sert d\u2019exemple de d\u00e9passement de la compr\u00e9hension ancienne de la prise en charge des MTN, vers une sant\u00e9 mondiale inscrite dans la justice sociale et la d\u00e9colonisation, qui reconna\u00eet les savoirs et les besoins des communaut\u00e9s affect\u00e9es, et qui plaide pour une participation active \u00e0 la coproduction des recherches et \u00e0 la prise de d\u00e9cisions.<\/p>\n","protected":false},"author":1304,"featured_media":0,"template":"","meta":{"_acf_changed":false,"_et_pb_use_builder":"","_et_pb_old_content":"","_et_gb_content_width":"","footnotes":""},"ciea":[87],"class_list":["post-6542","comunicacion","type-comunicacion","status-publish","hentry","ciea-ciea12"],"acf":[],"_links":{"self":[{"href":"https:\/\/redestudiosafricanos.org\/en\/wp-json\/wp\/v2\/comunicacion\/6542","targetHints":{"allow":["GET"]}}],"collection":[{"href":"https:\/\/redestudiosafricanos.org\/en\/wp-json\/wp\/v2\/comunicacion"}],"about":[{"href":"https:\/\/redestudiosafricanos.org\/en\/wp-json\/wp\/v2\/types\/comunicacion"}],"author":[{"embeddable":true,"href":"https:\/\/redestudiosafricanos.org\/en\/wp-json\/wp\/v2\/users\/1304"}],"version-history":[{"count":2,"href":"https:\/\/redestudiosafricanos.org\/en\/wp-json\/wp\/v2\/comunicacion\/6542\/revisions"}],"predecessor-version":[{"id":7185,"href":"https:\/\/redestudiosafricanos.org\/en\/wp-json\/wp\/v2\/comunicacion\/6542\/revisions\/7185"}],"wp:attachment":[{"href":"https:\/\/redestudiosafricanos.org\/en\/wp-json\/wp\/v2\/media?parent=6542"}],"wp:term":[{"taxonomy":"ciea","embeddable":true,"href":"https:\/\/redestudiosafricanos.org\/en\/wp-json\/wp\/v2\/ciea?post=6542"}],"curies":[{"name":"wp","href":"https:\/\/api.w.org\/{rel}","templated":true}]}}