{"id":6556,"date":"2024-09-29T16:38:21","date_gmt":"2024-09-29T14:38:21","guid":{"rendered":"https:\/\/redestudiosafricanos.org\/?post_type=comunicacion&#038;p=6556"},"modified":"2024-10-07T11:41:56","modified_gmt":"2024-10-07T09:41:56","slug":"yamilka-et-negro-bruto-filmer-lintime-et-la-possession","status":"publish","type":"comunicacion","link":"https:\/\/redestudiosafricanos.org\/en\/comunicacion\/yamilka-et-negro-bruto-filmer-lintime-et-la-possession\/","title":{"rendered":"YamilKa et Negro Bruto. Filmer l&#8217;intime et la poss\u00e9ssion"},"content":{"rendered":"<p>&#039;Yamilka&#039; est un documentaire qui explore l&#039;univers \u00e9motionnel de Yamilka, pr\u00eatresse palo de Santiago de Cuba. Je l\u2019ai mont\u00e9 en 2018, en pensant qu\u2019il y aurait une suite. Je pensais repartir \u00e0 Cuba, mais le confinement d\u00fb au COVID m\u2019en a d\u2019abord emp\u00each\u00e9, puis \u00e9loign\u00e9\u2026 Plut\u00f4t que de tenter de restituer le panth\u00e9on et les croyances de Yamilka selon la tradition anthropologique, je me concentre sur ses performances, c\u2019est-\u00e0-dire sur ses exp\u00e9riences personnelles et mystiques, qu\u2019elle vit intens\u00e9ment. <br \/>\nLe d\u00e9part de son fils Odin et le vide qui a suivi l\u2019ont contrainte \u00e0 repenser radicalement les relations qu&#039;elle tisse entre les vivants et les morts. La plupart des sc\u00e8nes de ce film se d\u00e9roulent dans la pi\u00e8ce (mudanzo) qu\u2019elle consacre au culte des esprits d\u00e9funts. Assise sur une chaise, elle s\u2019adresse \u00e0 celui qui lui est le plus proche : le mort Negro Bruto, un ancien esclave d\u00e9crit comme sentant mauvais, de petite taille et se d\u00e9pla\u00e7ant en tra\u00eenant les pieds en raison des cha\u00eenes qui entravent ses chevilles.<br \/>\n\u00c9lisabeth Claverie, qui a \u00e9tudi\u00e9 les apparitions de la Vierge Marie en Bosnie-Herz\u00e9govine, a soulign\u00e9 que celles-ci r\u00e9v\u00e8lent en r\u00e9alit\u00e9 des drames sociaux habituellement tus. Tout comme la Vierge de Medjugorje appara\u00eet pr\u00e9cis\u00e9ment l\u00e0 o\u00f9 ont eu lieu des massacres de masse et o\u00f9 ont \u00e9t\u00e9 creus\u00e9es des fosses communes, \u00e0 Cuba, les morts du Palo Monte font revivre les blessures profondes de la communaut\u00e9 afro-cubaine.<\/p>\n","protected":false},"author":1325,"featured_media":0,"template":"","meta":{"_acf_changed":false,"_et_pb_use_builder":"","_et_pb_old_content":"","_et_gb_content_width":"","footnotes":""},"ciea":[87],"class_list":["post-6556","comunicacion","type-comunicacion","status-publish","hentry","ciea-ciea12"],"acf":[],"_links":{"self":[{"href":"https:\/\/redestudiosafricanos.org\/en\/wp-json\/wp\/v2\/comunicacion\/6556","targetHints":{"allow":["GET"]}}],"collection":[{"href":"https:\/\/redestudiosafricanos.org\/en\/wp-json\/wp\/v2\/comunicacion"}],"about":[{"href":"https:\/\/redestudiosafricanos.org\/en\/wp-json\/wp\/v2\/types\/comunicacion"}],"author":[{"embeddable":true,"href":"https:\/\/redestudiosafricanos.org\/en\/wp-json\/wp\/v2\/users\/1325"}],"version-history":[{"count":1,"href":"https:\/\/redestudiosafricanos.org\/en\/wp-json\/wp\/v2\/comunicacion\/6556\/revisions"}],"predecessor-version":[{"id":6557,"href":"https:\/\/redestudiosafricanos.org\/en\/wp-json\/wp\/v2\/comunicacion\/6556\/revisions\/6557"}],"wp:attachment":[{"href":"https:\/\/redestudiosafricanos.org\/en\/wp-json\/wp\/v2\/media?parent=6556"}],"wp:term":[{"taxonomy":"ciea","embeddable":true,"href":"https:\/\/redestudiosafricanos.org\/en\/wp-json\/wp\/v2\/ciea?post=6556"}],"curies":[{"name":"wp","href":"https:\/\/api.w.org\/{rel}","templated":true}]}}