{"id":6590,"date":"2024-09-29T23:06:21","date_gmt":"2024-09-29T21:06:21","guid":{"rendered":"https:\/\/redestudiosafricanos.org\/?post_type=comunicacion&#038;p=6590"},"modified":"2024-10-07T11:42:01","modified_gmt":"2024-10-07T09:42:01","slug":"afrosalvadorenos-y-devociones-a-benedetto-el-moro-la-danza-de-los-tabales-como-respuesta-descolonizadora-del-imaginario-social","status":"publish","type":"comunicacion","link":"https:\/\/redestudiosafricanos.org\/en\/comunicacion\/afrosalvadorenos-y-devociones-a-benedetto-el-moro-la-danza-de-los-tabales-como-respuesta-descolonizadora-del-imaginario-social\/","title":{"rendered":"Afrosalvadore\u00f1os y devociones a Benedetto el Moro. La Danza de los Tabales como respuesta descolonizadora del imaginario social"},"content":{"rendered":"<p>Esta contribuci\u00f3n investiga \u00c1frica a trav\u00e9s de su presencia en El Salvador y se centra en las respuestas brindadas por los descendientes de africanos reducidos a esclavitud en \u00e9poca colonial al ocultamiento de su identidad. De hecho, frente a la negaci\u00f3n hist\u00f3rica y a las pol\u00edticas encaminadas a dise\u00f1ar una sociedad &#039;mestiza blanca&#039;, desde 1995 los afroindodescendientes se han unido para generar respuestas descoloniales emancipadas de los saberes y pr\u00e1cticas euroc\u00e9ntricos. En este escenario, destaca el inter\u00e9s local por el culto al santo franciscano &#039;negro y esclavo&#039; Benedetto el Moro quien, adem\u00e1s de actuar como gu\u00eda en la di\u00e1spora, constituye un ejemplo de redenci\u00f3n identitaria y un s\u00edmbolo de lucha contra la desaparici\u00f3n social de \u00c1frica en El Salvador. Se propone el an\u00e1lisis de la Danza de los Tabales a San Benito de Palermo que hoy se practica principalmente en el municipio de Ereguayquin. A trav\u00e9s de la decodificaci\u00f3n de los significados del legado colonial es posible reconstruir procesos y memorias y contribuir a mantener activo ese espacio de descolonizaci\u00f3n epistemol\u00f3gica. Este baile es expresi\u00f3n de resistencia cultural al proyecto pol\u00edtico de blanqueamiento hist\u00f3rico-social de la Naci\u00f3n; asimismo, las palabras pronunciadas en la pr\u00e1ctica de los tabales buscan visibilizar la herencia africana y resaltan la confluencia afroind\u00edgena en la formaci\u00f3n de la identidad del Pa\u00eds. Al tratarse de una devoci\u00f3n extendida en toda Am\u00e9rica Latina, se observan otros contextos para reflexionar sobre el impacto del culto a Benedetto el Moro en la construcci\u00f3n de escenarios ontol\u00f3gicos africanos en las Am\u00e9ricas. Se utiliza un enfoque antropohist\u00f3rico y una metodolog\u00eda interdisciplinaria. La contribuci\u00f3n se basa en investigaciones de archivo y de campo y responde a la exigencia de generar un espacio de di\u00e1logo sobre respuestas afrodescendentes a dilemas decoloniales tanto en El Salvador como en Am\u00e9rica Latina.<\/p>\n","protected":false},"author":1217,"featured_media":0,"template":"","meta":{"_acf_changed":false,"_et_pb_use_builder":"","_et_pb_old_content":"","_et_gb_content_width":"","footnotes":""},"ciea":[87],"class_list":["post-6590","comunicacion","type-comunicacion","status-publish","hentry","ciea-ciea12"],"acf":[],"_links":{"self":[{"href":"https:\/\/redestudiosafricanos.org\/en\/wp-json\/wp\/v2\/comunicacion\/6590","targetHints":{"allow":["GET"]}}],"collection":[{"href":"https:\/\/redestudiosafricanos.org\/en\/wp-json\/wp\/v2\/comunicacion"}],"about":[{"href":"https:\/\/redestudiosafricanos.org\/en\/wp-json\/wp\/v2\/types\/comunicacion"}],"author":[{"embeddable":true,"href":"https:\/\/redestudiosafricanos.org\/en\/wp-json\/wp\/v2\/users\/1217"}],"version-history":[{"count":1,"href":"https:\/\/redestudiosafricanos.org\/en\/wp-json\/wp\/v2\/comunicacion\/6590\/revisions"}],"predecessor-version":[{"id":6591,"href":"https:\/\/redestudiosafricanos.org\/en\/wp-json\/wp\/v2\/comunicacion\/6590\/revisions\/6591"}],"wp:attachment":[{"href":"https:\/\/redestudiosafricanos.org\/en\/wp-json\/wp\/v2\/media?parent=6590"}],"wp:term":[{"taxonomy":"ciea","embeddable":true,"href":"https:\/\/redestudiosafricanos.org\/en\/wp-json\/wp\/v2\/ciea?post=6590"}],"curies":[{"name":"wp","href":"https:\/\/api.w.org\/{rel}","templated":true}]}}