{"id":6614,"date":"2024-09-30T02:44:54","date_gmt":"2024-09-30T00:44:54","guid":{"rendered":"https:\/\/redestudiosafricanos.org\/?post_type=comunicacion&#038;p=6614"},"modified":"2024-10-07T15:30:52","modified_gmt":"2024-10-07T13:30:52","slug":"patrimonio-mundial-e-a-heranca-negra-no-rio-de-janeiro-tensoes-entre-paradigmas-e-valores-em-disputa","status":"publish","type":"comunicacion","link":"https:\/\/redestudiosafricanos.org\/en\/comunicacion\/patrimonio-mundial-e-a-heranca-negra-no-rio-de-janeiro-tensoes-entre-paradigmas-e-valores-em-disputa\/","title":{"rendered":"Patrim\u00f4nio Mundial e a heran\u00e7a negra no Rio de Janeiro: tens\u00f5es entre paradigmas e valores em disputa"},"content":{"rendered":"<p>Historicamente o poder p\u00fablico na cidade do Rio de Janeiro apagou tra\u00e7os da presen\u00e7a negra e raras vezes essa presen\u00e7a foi demarcada como patrim\u00f4nio, embora mais de 50% da popula\u00e7\u00e3o brasileira se declare negra ou parda. No que se refere ao patrim\u00f4nio material, contudo, s\u00e3o pouqu\u00edssimas as iniciativas \u2013 nos anos 80 a constru\u00e7\u00e3o do Monumento Zumbi dos Palmares (her\u00f3i da resist\u00eancia negra do s\u00e9culo XVII, no per\u00edodo do Brasil colonial) e a prote\u00e7\u00e3o legal da Pedra do Sal (em 1986), e muito recentemente do pr\u00e9dio das Docas Andr\u00e9 Rebou\u00e7as e, especialmente, o reconhecimento da presen\u00e7a do Cemit\u00e9rio dos Pretos Novos e do S\u00edtio Arqueol\u00f3gico do Cais do Valongo \u2013 todos localizados na regi\u00e3o portu\u00e1ria da cidade, tamb\u00e9m chamada de Pequena \u00c1frica. Rio de Janeiro seria patrim\u00f4nio da di\u00e1spora negra?<br \/>\nEsta comunica\u00e7\u00e3o analisa a\u00e7\u00f5es dirigidas \u00e0 afirma\u00e7\u00e3o da heran\u00e7a negra por meio de pol\u00edticas de patrim\u00f4nio na cidade do Rio de Janeiro, a fim de verificar os valores que prevalecem em cada situa\u00e7\u00e3o, identificando os diferentes paradigmas que tensionam o campo do patrim\u00f4nio. O patrim\u00f4nio como um conceito-a\u00e7\u00e3o \u2013 est\u00e1 sempre em movimento, e com o verbo patrimonializar \u00e9 capaz de promover coloniza\u00e7\u00f5es e decoloniza\u00e7\u00f5es.<br \/>\nNesse ponto, o foco principal ser\u00e1 no S\u00edtio Arqueol\u00f3gico do Cais do Valongo, por onde ingressaram milhares de africanos escravizados, no s\u00e9culo XIX, e tornou-se Patrim\u00f4nio Mundial como s\u00edtio de mem\u00f3ria sens\u00edvel, em 2017, como base no paradigma do patrim\u00f4nio como direito, que se processa como meio de repara\u00e7\u00e3o hist\u00f3rica, no campo das lutas de mem\u00f3ria. A for\u00e7a dessas materialidades revela-se na sensibilidade das falas potentes de pessoas afrodescendentes entrevistadas.<\/p>\n","protected":false},"author":1230,"featured_media":0,"template":"","meta":{"_acf_changed":false,"_et_pb_use_builder":"","_et_pb_old_content":"","_et_gb_content_width":"","footnotes":""},"ciea":[87],"class_list":["post-6614","comunicacion","type-comunicacion","status-publish","hentry","ciea-ciea12"],"acf":[],"_links":{"self":[{"href":"https:\/\/redestudiosafricanos.org\/en\/wp-json\/wp\/v2\/comunicacion\/6614","targetHints":{"allow":["GET"]}}],"collection":[{"href":"https:\/\/redestudiosafricanos.org\/en\/wp-json\/wp\/v2\/comunicacion"}],"about":[{"href":"https:\/\/redestudiosafricanos.org\/en\/wp-json\/wp\/v2\/types\/comunicacion"}],"author":[{"embeddable":true,"href":"https:\/\/redestudiosafricanos.org\/en\/wp-json\/wp\/v2\/users\/1230"}],"version-history":[{"count":1,"href":"https:\/\/redestudiosafricanos.org\/en\/wp-json\/wp\/v2\/comunicacion\/6614\/revisions"}],"predecessor-version":[{"id":6615,"href":"https:\/\/redestudiosafricanos.org\/en\/wp-json\/wp\/v2\/comunicacion\/6614\/revisions\/6615"}],"wp:attachment":[{"href":"https:\/\/redestudiosafricanos.org\/en\/wp-json\/wp\/v2\/media?parent=6614"}],"wp:term":[{"taxonomy":"ciea","embeddable":true,"href":"https:\/\/redestudiosafricanos.org\/en\/wp-json\/wp\/v2\/ciea?post=6614"}],"curies":[{"name":"wp","href":"https:\/\/api.w.org\/{rel}","templated":true}]}}