{"id":6719,"date":"2024-09-30T18:31:00","date_gmt":"2024-09-30T16:31:00","guid":{"rendered":"https:\/\/redestudiosafricanos.org\/?post_type=comunicacion&#038;p=6719"},"modified":"2024-10-09T11:57:04","modified_gmt":"2024-10-09T09:57:04","slug":"el-coneixement-local-com-a-clau-per-reescriure-la-historia-de-la-medicina-tropical-i-de-la-medicina-des-de-lafrica-linies-de-treball","status":"publish","type":"comunicacion","link":"https:\/\/redestudiosafricanos.org\/en\/comunicacion\/el-coneixement-local-com-a-clau-per-reescriure-la-historia-de-la-medicina-tropical-i-de-la-medicina-des-de-lafrica-linies-de-treball\/","title":{"rendered":"El coneixement local com a clau per reescriure la \u201chist\u00f2ria de la medicina tropical\u201d (i de la medicina), des de l\u2019\u00c0frica: l\u00ednies de treball."},"content":{"rendered":"<p>La hist\u00f2ria de la medicina ha estat cl\u00e0ssicament un dels pilars de la hist\u00f2ria de la ci\u00e8ncia, a la seva vegada un puntal de la presumpta hist\u00f2ria universal, inevitablement escrita en clau occidental, per no dir europea. La irrupci\u00f3 de la hist\u00f2ria global ha alterat aquest esquema, per\u00f2 sobretot diversificant t\u00edmidament els centres-m\u00f3n hist\u00f2rics, sense donar protagonisme real a les perif\u00e8ries, de cara al futur. Per altra banda, l\u2019esclat de la decolonialitat ha desautoritzat l\u2019\u00e8pica de la Gran Hist\u00f2ria, per\u00f2 el pes de la perspectiva individualista i dels col\u00b7lectius en la di\u00e0spora (sovint de longue dur\u00e9e), instal\u00b7lats en contextos cosmopolites, tendeix a infravalorar les situacions de pluralisme cultural, tan perceptibles en certes perif\u00e8ries, i en particular en l\u2019\u00c0frica Negra. La conseq\u00fc\u00e8ncia \u00e9s una infravaloraci\u00f3 de la diversitat imperant en la societat global: si no es corregeix aquest enfocament, \u00e9s f\u00e0cil preveure la perpetuaci\u00f3 de disfuncions comparables a les d\u2019anteriors moments d\u2019intensificaci\u00f3 de la globalitzaci\u00f3 (com la tracta d\u2019esclaus, la colonitzaci\u00f3 o la guerra freda i el subdesenvolupament&#8230;). <\/p>\n<p>La comunicaci\u00f3 vol contribuir a trencar aquesta tend\u00e8ncia, a trav\u00e9s d\u2019un dels camps m\u00e9s sensibles del bucle del progr\u00e9s il\u00b7lustrat; la salut. A partir de diferents l\u00ednies de recerca col\u00b7lectiva dutes a terme durant m\u00e9s de 15 anys, proposa explorar un escenari de treball compartit que q\u00fcestioni la euroc\u00e8ntrica Necessitat atribu\u00efda a la hist\u00f2ria de la ci\u00e8ncia m\u00e8dica, focalitzant la seva interacci\u00f3 amb les medicines locals al sud del S\u00e0hara. El marc \u00e9s el que podr\u00edem anomenar \u201cdeconstrucci\u00f3\u201d africana de la medicina tropical. Aquesta divisi\u00f3 suposadament ecol\u00f2gica, nasqu\u00e9 en realitat d\u2019una visi\u00f3 imperialista de la salut, que ha desembocat en el sistema de \u201cfronteres sanit\u00e0ries\u201d que l\u2019ODS3 no sembla en condicions d\u2019abolir o superar. Les aportacions metodol\u00f2giques de l\u2019etnografia s\u00f3n crucials per refer el discurs mainstream i explorar el potencial de la iatrodiversitat.<\/p>\n","protected":false},"author":10,"featured_media":0,"template":"","meta":{"_acf_changed":false,"_et_pb_use_builder":"","_et_pb_old_content":"","_et_gb_content_width":"","footnotes":""},"ciea":[87],"class_list":["post-6719","comunicacion","type-comunicacion","status-publish","hentry","ciea-ciea12"],"acf":[],"_links":{"self":[{"href":"https:\/\/redestudiosafricanos.org\/en\/wp-json\/wp\/v2\/comunicacion\/6719","targetHints":{"allow":["GET"]}}],"collection":[{"href":"https:\/\/redestudiosafricanos.org\/en\/wp-json\/wp\/v2\/comunicacion"}],"about":[{"href":"https:\/\/redestudiosafricanos.org\/en\/wp-json\/wp\/v2\/types\/comunicacion"}],"author":[{"embeddable":true,"href":"https:\/\/redestudiosafricanos.org\/en\/wp-json\/wp\/v2\/users\/10"}],"version-history":[{"count":1,"href":"https:\/\/redestudiosafricanos.org\/en\/wp-json\/wp\/v2\/comunicacion\/6719\/revisions"}],"predecessor-version":[{"id":6720,"href":"https:\/\/redestudiosafricanos.org\/en\/wp-json\/wp\/v2\/comunicacion\/6719\/revisions\/6720"}],"wp:attachment":[{"href":"https:\/\/redestudiosafricanos.org\/en\/wp-json\/wp\/v2\/media?parent=6719"}],"wp:term":[{"taxonomy":"ciea","embeddable":true,"href":"https:\/\/redestudiosafricanos.org\/en\/wp-json\/wp\/v2\/ciea?post=6719"}],"curies":[{"name":"wp","href":"https:\/\/api.w.org\/{rel}","templated":true}]}}