{"id":6775,"date":"2024-09-30T22:14:38","date_gmt":"2024-09-30T20:14:38","guid":{"rendered":"https:\/\/redestudiosafricanos.org\/?post_type=comunicacion&#038;p=6775"},"modified":"2024-10-06T20:16:02","modified_gmt":"2024-10-06T18:16:02","slug":"mobilite-des-jeunes-et-changement-climatique-au-mali-entre-retrecissement-de-lespace-et-conflit-armee","status":"publish","type":"comunicacion","link":"https:\/\/redestudiosafricanos.org\/en\/comunicacion\/mobilite-des-jeunes-et-changement-climatique-au-mali-entre-retrecissement-de-lespace-et-conflit-armee\/","title":{"rendered":"Mobilit\u00e9 des jeunes et changement climatique au Mali : entre r\u00e9tr\u00e9cissement de l\u2019espace et conflit arm\u00e9e."},"content":{"rendered":"<p>Situ\u00e9 au c\u0153ur du sahel, le Mali est confront\u00e9 depuis une d\u00e9cennie \u00e0 une crise multidimensionnelle et au r\u00e9tr\u00e9cissement de son espace d\u00fb au terrorisme, aux conflits intercommunautaires et au changement climatique avec comme corolaire la raret\u00e9 des ressources. <br \/>\nEn plus de cela, la croissance d\u00e9mographique alimente l\u2019occupation des terres. Ce qui contribue \u00e0 la r\u00e9duction des espaces. <br \/>\nCes situations de tension sont devenues des marqueurs d\u2019un vaste mouvement de jeunes des r\u00e9gions du centre vers le sud. Aujourd\u2019hui, la mobilit\u00e9 des jeunes est un enjeu de la gouvernance. La non prise en compte de cette question par le pouvoir public am\u00e8ne \u00e0 interroger la mobilit\u00e9. Cette mobilit\u00e9 est li\u00e9e \u00e0 ins\u00e9curit\u00e9. Cette non prise en compte est due non seulement \u00e0 des crises politiques et institutionnelles au Mali et dans certains Etats du Sahel mais aussi \u00e0 la marginalisation des jeunes dans les prises de d\u00e9cision. <br \/>\nComment les politiques publiques envisagent-elles la mobilit\u00e9 des jeunes ? Quelle place cette mobilit\u00e9 joue dans le changement social et climatique et quels sont les enjeux actuels li\u00e9s \u00e0 la mobilit\u00e9 des jeunes ?  La m\u00e9thode qualitative semi-structur\u00e9e avec un guide d\u2019entretien sera utilis\u00e9e  pour collecter des donn\u00e9es.<\/p>\n","protected":false},"author":52,"featured_media":0,"template":"","meta":{"_acf_changed":false,"_et_pb_use_builder":"","_et_pb_old_content":"","_et_gb_content_width":"","footnotes":""},"ciea":[87],"class_list":["post-6775","comunicacion","type-comunicacion","status-publish","hentry","ciea-ciea12"],"acf":[],"_links":{"self":[{"href":"https:\/\/redestudiosafricanos.org\/en\/wp-json\/wp\/v2\/comunicacion\/6775","targetHints":{"allow":["GET"]}}],"collection":[{"href":"https:\/\/redestudiosafricanos.org\/en\/wp-json\/wp\/v2\/comunicacion"}],"about":[{"href":"https:\/\/redestudiosafricanos.org\/en\/wp-json\/wp\/v2\/types\/comunicacion"}],"author":[{"embeddable":true,"href":"https:\/\/redestudiosafricanos.org\/en\/wp-json\/wp\/v2\/users\/52"}],"version-history":[{"count":1,"href":"https:\/\/redestudiosafricanos.org\/en\/wp-json\/wp\/v2\/comunicacion\/6775\/revisions"}],"predecessor-version":[{"id":6776,"href":"https:\/\/redestudiosafricanos.org\/en\/wp-json\/wp\/v2\/comunicacion\/6775\/revisions\/6776"}],"wp:attachment":[{"href":"https:\/\/redestudiosafricanos.org\/en\/wp-json\/wp\/v2\/media?parent=6775"}],"wp:term":[{"taxonomy":"ciea","embeddable":true,"href":"https:\/\/redestudiosafricanos.org\/en\/wp-json\/wp\/v2\/ciea?post=6775"}],"curies":[{"name":"wp","href":"https:\/\/api.w.org\/{rel}","templated":true}]}}