{"id":6791,"date":"2024-09-30T22:54:19","date_gmt":"2024-09-30T20:54:19","guid":{"rendered":"https:\/\/redestudiosafricanos.org\/?post_type=comunicacion&#038;p=6791"},"modified":"2024-10-09T13:09:08","modified_gmt":"2024-10-09T11:09:08","slug":"el-fin-de-la-paz-liberal-y-la-descentralizacion-del-uso-global-de-la-fuerza-una-mirada-desde-la-rd-congo","status":"publish","type":"comunicacion","link":"https:\/\/redestudiosafricanos.org\/en\/comunicacion\/el-fin-de-la-paz-liberal-y-la-descentralizacion-del-uso-global-de-la-fuerza-una-mirada-desde-la-rd-congo\/","title":{"rendered":"El fin de la Paz liberal y la descentralizaci\u00f3n del uso global de la fuerza: una mirada desde la RD Congo"},"content":{"rendered":"<p>La agenda de construcci\u00f3n de paz internacional est\u00e1 experimentando una serie de transformaciones que han llevado a la literatura a cuestionarse si seguimos dentro de lo que se ven\u00eda llamando Paz Liberal \u2013 un conjunto de pol\u00edticas, formas de entender y abordar los conflictos cuyo mayor objetivo era la consecuci\u00f3n de la paz reformando la administraci\u00f3n de estados en conflicto, promoviendo la democracia liberal, el desarrollo y los derechos humanos. Si bien este modelo ha estado pr\u00e1cticamente siempre en transformaci\u00f3n y se ha tenido que ajustar a cada contexto, desde aproximadamente 2010 se ha consolidado una p\u00e9rdida de fe en la consecuci\u00f3n de la paz y en la reforma pol\u00edtica de los estados, y una tendencia a buscar victorias militares y a incrementar la dotaci\u00f3n de recursos para la guerra a los Estados en conflicto. No obstante, lo que m\u00e1s ha pasado desapercibido en la literatura es la manera en la que esta transformaci\u00f3n ha llevado aparejada una falta de confianza en la gesti\u00f3n multilateral del uso de la fuerza, llevada sobre todo desde Naciones Unidas, y la Uni\u00f3n Europea. En base a la sociolog\u00eda del militarismo, este art\u00edculo argumenta que una de las implicaciones m\u00e1s profundas del cambio de este paradigma es la descentralizaci\u00f3n del uso y gesti\u00f3n de la violencia armada, haciendo de la guerra, y no la promoci\u00f3n de la democracia o el control de la fuerza, el instrumento por defecto en la promoci\u00f3n del orden internacional. El art\u00edculo se basa en el an\u00e1lisis tem\u00e1tico de entrevistas realizadas en la ONU y la Uni\u00f3n Europea, as\u00ed como un an\u00e1lisis de los casos del continente africano con mayores despliegues de estas dos organizaciones.<\/p>\n","protected":false},"author":29,"featured_media":0,"template":"","meta":{"_acf_changed":false,"_et_pb_use_builder":"","_et_pb_old_content":"","_et_gb_content_width":"","footnotes":""},"ciea":[87],"class_list":["post-6791","comunicacion","type-comunicacion","status-publish","hentry","ciea-ciea12"],"acf":[],"_links":{"self":[{"href":"https:\/\/redestudiosafricanos.org\/en\/wp-json\/wp\/v2\/comunicacion\/6791","targetHints":{"allow":["GET"]}}],"collection":[{"href":"https:\/\/redestudiosafricanos.org\/en\/wp-json\/wp\/v2\/comunicacion"}],"about":[{"href":"https:\/\/redestudiosafricanos.org\/en\/wp-json\/wp\/v2\/types\/comunicacion"}],"author":[{"embeddable":true,"href":"https:\/\/redestudiosafricanos.org\/en\/wp-json\/wp\/v2\/users\/29"}],"version-history":[{"count":1,"href":"https:\/\/redestudiosafricanos.org\/en\/wp-json\/wp\/v2\/comunicacion\/6791\/revisions"}],"predecessor-version":[{"id":6792,"href":"https:\/\/redestudiosafricanos.org\/en\/wp-json\/wp\/v2\/comunicacion\/6791\/revisions\/6792"}],"wp:attachment":[{"href":"https:\/\/redestudiosafricanos.org\/en\/wp-json\/wp\/v2\/media?parent=6791"}],"wp:term":[{"taxonomy":"ciea","embeddable":true,"href":"https:\/\/redestudiosafricanos.org\/en\/wp-json\/wp\/v2\/ciea?post=6791"}],"curies":[{"name":"wp","href":"https:\/\/api.w.org\/{rel}","templated":true}]}}