{"id":6868,"date":"2024-09-25T14:31:13","date_gmt":"2024-09-25T12:31:13","guid":{"rendered":"https:\/\/redestudiosafricanos.org\/?post_type=comunicacion&#038;p=6868"},"modified":"2024-10-07T11:41:58","modified_gmt":"2024-10-07T09:41:58","slug":"violencia-vulnerabilidade-e-refugio-no-vale-do-zambeze-no-seculo-xix-direcoes-historiograficas-conceituais-e-fontes","status":"publish","type":"comunicacion","link":"https:\/\/redestudiosafricanos.org\/en\/comunicacion\/violencia-vulnerabilidade-e-refugio-no-vale-do-zambeze-no-seculo-xix-direcoes-historiograficas-conceituais-e-fontes\/","title":{"rendered":"Viol\u00eancia, vulnerabilidade e ref\u00fagio no vale do Zambeze no s\u00e9culo XIX: dire\u00e7\u00f5es historiogr\u00e1ficas, conceituais e fontes"},"content":{"rendered":"<p>Uma marca do com\u00e9rcio de escravos e da escravid\u00e3o na \u00c1frica Centro-oriental foi o seu revigoramento no s\u00e9culo XIX, estimulados pelo redirecionamento dos fluxos em dire\u00e7\u00e3o ao Atl\u00e2ntico, pelo desenvolvimento das planta\u00e7\u00f5es no \u00cdndico, uma maior integra\u00e7\u00e3o desta regi\u00e3o \u00e0s redes caravaneiras do com\u00e9rcio de longa dist\u00e2ncia e o surgimento de bandos militarizados capazes de conduzir razias e expedi\u00e7\u00f5es escravizantes. Coincidindo com um per\u00edodo de inoper\u00e2ncia das pol\u00edticas abolicionistas europeias, a regi\u00e3o da Zamb\u00e9zia acrescenta a este conjunto uma tr\u00e1gica conflu\u00eancia de interesses provenientes de diferentes centros de poder: os dos representantes da Coroa portuguesa que detinham o controle sobre vilas mar\u00edtimas e ribeirinhas e parte dos lucros do com\u00e9rcio de seres humanos; motiva\u00e7\u00f5es dos senhores e donas dos prazos a partir de seus dom\u00ednios territoriais independentes e a presen\u00e7a de mercadores de origens diversas, africanos, mesti\u00e7os, goeses e agentes das companhias europeias sediados em barrac\u00f5es espalhados pela regi\u00e3o. A historiografia vem evidenciando os impactos da crise social que incidiu sobre popula\u00e7\u00f5es que tentaram reagir a sua vulnerabilidade por meio de uma intensa movimenta\u00e7\u00e3o em busca de seguran\u00e7a e prote\u00e7\u00e3o. Isaacman insiste na concentra\u00e7\u00e3o de poder nos senhores da guerra que aparecem, a um tempo, como algozes e protetores; Capela, mantendo a centralidade do tr\u00e1fico de seus estudos, busca a forma\u00e7\u00e3o de cidadelas fortificadas nas aglomera\u00e7\u00f5es denominadas de aringas; outros estudiosos, ind\u00edcios de trajet\u00f3rias fugidias de popula\u00e7\u00f5es \u201cincapazes de remontar genealogias\u201d, ou portadoras de genealogias curt\u00edssimas de homens e mulheres \u201csem nihimo\u201d. No conjunto das investiga\u00e7\u00f5es, assinala-se ainda as que procuram a rarefeita incid\u00eancia disso nos testemunhos e trajet\u00f3rias autobiogr\u00e1ficas, no geral escassas. Relacionada a uma pesquisa em andamento, o objetivo da comunica\u00e7\u00e3o \u00e9 apresentar o estado da arte, focalizando sobretudo problem\u00e1ticas que atravessam a interpreta\u00e7\u00e3o de fontes capazes de reconstituir estes epis\u00f3dios \u00e0 luz das suas dimens\u00f5es sociais.<\/p>\n","protected":false},"author":1247,"featured_media":0,"template":"","meta":{"_acf_changed":false,"_et_pb_use_builder":"","_et_pb_old_content":"","_et_gb_content_width":"","footnotes":""},"ciea":[87],"class_list":["post-6868","comunicacion","type-comunicacion","status-publish","hentry","ciea-ciea12"],"acf":[],"_links":{"self":[{"href":"https:\/\/redestudiosafricanos.org\/en\/wp-json\/wp\/v2\/comunicacion\/6868","targetHints":{"allow":["GET"]}}],"collection":[{"href":"https:\/\/redestudiosafricanos.org\/en\/wp-json\/wp\/v2\/comunicacion"}],"about":[{"href":"https:\/\/redestudiosafricanos.org\/en\/wp-json\/wp\/v2\/types\/comunicacion"}],"author":[{"embeddable":true,"href":"https:\/\/redestudiosafricanos.org\/en\/wp-json\/wp\/v2\/users\/1247"}],"version-history":[{"count":1,"href":"https:\/\/redestudiosafricanos.org\/en\/wp-json\/wp\/v2\/comunicacion\/6868\/revisions"}],"predecessor-version":[{"id":6869,"href":"https:\/\/redestudiosafricanos.org\/en\/wp-json\/wp\/v2\/comunicacion\/6868\/revisions\/6869"}],"wp:attachment":[{"href":"https:\/\/redestudiosafricanos.org\/en\/wp-json\/wp\/v2\/media?parent=6868"}],"wp:term":[{"taxonomy":"ciea","embeddable":true,"href":"https:\/\/redestudiosafricanos.org\/en\/wp-json\/wp\/v2\/ciea?post=6868"}],"curies":[{"name":"wp","href":"https:\/\/api.w.org\/{rel}","templated":true}]}}