{"id":6970,"date":"2024-10-09T23:59:25","date_gmt":"2024-10-09T21:59:25","guid":{"rendered":"https:\/\/redestudiosafricanos.org\/?post_type=comunicacion&#038;p=6970"},"modified":"2024-10-11T11:30:01","modified_gmt":"2024-10-11T09:30:01","slug":"reconsiderando-el-pensamiento-geopolitico-canario-una-critica-eurafricana-a-la-metageografia-hegemonica","status":"publish","type":"comunicacion","link":"https:\/\/redestudiosafricanos.org\/en\/comunicacion\/reconsiderando-el-pensamiento-geopolitico-canario-una-critica-eurafricana-a-la-metageografia-hegemonica\/","title":{"rendered":"Reconsiderando el pensamiento geopol\u00edtico canario: una cr\u00edtica eurafricana a la metageograf\u00eda hegem\u00f3nica"},"content":{"rendered":"<p>Se pretende problematizar la caracterizaci\u00f3n geopol\u00edtica de Canarias, cuestionando categor\u00edas establecidas como &quot;ultraperificidad&quot;, &quot;tricontinentalidad&quot; o &quot;atlanticidad&quot;. Estas reafirman su seguridad ontol\u00f3gica, estabilizando la identidad del archipi\u00e9lago bajo una l\u00f3gica euroc\u00e9ntrica que despolitizan su papel en el espacio de relaciones entre Europa y \u00c1frica. Dialogando con Lewis y Wigen (1997), se propone una cr\u00edtica a la metageograf\u00eda vigente y se aboga por categor\u00edas geogr\u00e1ficas m\u00e1s pertinentes que la adscripci\u00f3n culturalista t\u00edpica de la geograf\u00eda pol\u00edtica del siglo XX, considerando su interacci\u00f3n con la Uni\u00f3n Europea o la Uni\u00f3n Africana. Desde el pensamiento fronterizo de Mignolo (2000), podemos concebir que las fronteras son espacios plurivocales y no simples particiones de binarios. En este sentido, Canarias, como nodo estrat\u00e9gico, se revela como un espacio de convergencia y tensi\u00f3n entre Europa y \u00c1frica.<br \/>\nTomamos el concepto de ensamblaje (Deleuze &amp; Guattari, 1980; Latour, 2005) para una alternativa conceptual sobre la geograf\u00eda pol\u00edtica de Canarias. El ensamblaje eurafricano es abordado como un espacio geopol\u00edtico emergente en las Relaciones Internacionales. Este se manifiesta como una red compuesta tanto por estructuras estables (instituciones supranacionales como Frontex, consorcios diplom\u00e1ticos como Casa \u00c1frica, nuevas patronales euroafricanas como la C\u00e1mara de Comercio Iberoafricana) como por reg\u00edmenes m\u00e1s vol\u00e1tiles (especialmente los movimientos migratorios, as\u00ed como las actividades de actores no il\u00edcitos como el narcotr\u00e1fico o la trata de seres humanos). Estas interacciones no configuran una totalidad org\u00e1nica, sino una constelaci\u00f3n en constante cambio y coproducci\u00f3n de espacios y significados, lo que requiere un an\u00e1lisis din\u00e1mico de las agencias y estructuras que participan en esta red.<br \/>\nEsta propuesta plantea, de manera preliminar, cartografiar este espacio emergente denominado Eur\u00e1frica, un concepto revisitado desde el siglo XX colonial, pero a trav\u00e9s de la Canarias contempor\u00e1nea. Eventos como la iniciativa Global Gateway de la UE o la Ruta migratoria canaria se destacan como elementos clave.<\/p>\n","protected":false},"author":1392,"featured_media":0,"template":"","meta":{"_acf_changed":false,"_et_pb_use_builder":"","_et_pb_old_content":"","_et_gb_content_width":"","footnotes":""},"ciea":[87],"class_list":["post-6970","comunicacion","type-comunicacion","status-publish","hentry","ciea-ciea12"],"acf":[],"_links":{"self":[{"href":"https:\/\/redestudiosafricanos.org\/en\/wp-json\/wp\/v2\/comunicacion\/6970","targetHints":{"allow":["GET"]}}],"collection":[{"href":"https:\/\/redestudiosafricanos.org\/en\/wp-json\/wp\/v2\/comunicacion"}],"about":[{"href":"https:\/\/redestudiosafricanos.org\/en\/wp-json\/wp\/v2\/types\/comunicacion"}],"author":[{"embeddable":true,"href":"https:\/\/redestudiosafricanos.org\/en\/wp-json\/wp\/v2\/users\/1392"}],"version-history":[{"count":1,"href":"https:\/\/redestudiosafricanos.org\/en\/wp-json\/wp\/v2\/comunicacion\/6970\/revisions"}],"predecessor-version":[{"id":6971,"href":"https:\/\/redestudiosafricanos.org\/en\/wp-json\/wp\/v2\/comunicacion\/6970\/revisions\/6971"}],"wp:attachment":[{"href":"https:\/\/redestudiosafricanos.org\/en\/wp-json\/wp\/v2\/media?parent=6970"}],"wp:term":[{"taxonomy":"ciea","embeddable":true,"href":"https:\/\/redestudiosafricanos.org\/en\/wp-json\/wp\/v2\/ciea?post=6970"}],"curies":[{"name":"wp","href":"https:\/\/api.w.org\/{rel}","templated":true}]}}