{"id":5971,"date":"2024-09-01T21:43:29","date_gmt":"2024-09-01T19:43:29","guid":{"rendered":"https:\/\/redestudiosafricanos.org\/?post_type=comunicacion&#038;p=5971"},"modified":"2024-10-07T10:58:06","modified_gmt":"2024-10-07T08:58:06","slug":"la-problematique-ecologique-dans-le-roman-africain-francophone-approche-ecocritique","status":"publish","type":"comunicacion","link":"https:\/\/redestudiosafricanos.org\/fr\/comunicacion\/la-problematique-ecologique-dans-le-roman-africain-francophone-approche-ecocritique\/","title":{"rendered":"La probl\u00e9matique \u00e9cologique dans le roman africain francophone. Approche \u00e9cocritique"},"content":{"rendered":"<p>A l\u2019heure actuelle et plus que toute autrefois, la litt\u00e9rature s\u2019int\u00e9resse \u00e0 l\u2019\u00e9volution de   l\u2019environnement et aux changements climatiques. N\u2019est-ce pas en raison du r\u00f4le de la nature dans l\u2019\u00e9volution humaine, sans oublier que l\u2019homme a toujours nou\u00e9 une relation tr\u00e8s proche \u00e0 l\u2019espace qu\u2019il habite et donc le climat tout ce qui s\u2019en suit. De nos jours les \u00e9crivains et les chercheurs en litt\u00e9rature  se penchent de plus pr\u00e8s et encore plus que les \u00e9cologistes eux-m\u00eames \u00e0 ce rapport de l\u2019homme \u00e0 la nature. D\u2019ailleurs la nature inspire m\u00eame les \u00e9crivains depuis tr\u00e8s longtemps, essentiellement le roman africain. <br \/>\n   Si l\u2019Afrique et la savane africaine ont inspir\u00e9 depuis toujours \u00e9crivains et po\u00e8tes, non seulement de par la richesse historique, coloniale et postcoloniale, mais aussi de par la complexit\u00e9 et la richesse de la nature africaine qui joue un r\u00f4le dans la tradition, culturelle et litt\u00e9raire, orale ou \u00e9crite. La complexit\u00e9 de la savane africaine, contribue pour une grande part \u00e0 la production litt\u00e9raire locale. Qu\u2019est-ce qu\u2019il en est aujourd\u2019hui de ce rapport litt\u00e9rature-nature \u00e0 l\u2019\u00e8re du r\u00e9chauffement climatique. ? Comment les \u00e9crivains et les po\u00e8tes rendent-ils compte de ces ph\u00e9nom\u00e8nes par le biais de la fiction ? En somme :  comment les questions environnementales s\u2019inscrivent dans la fiction romanesque africaine francophone ? <br \/>\nEn s\u2019appuyant sur l\u2019\u00e9cocritique du point de vue m\u00e9thodologique, appel\u00e9e \u00e9galement \u00ab litt\u00e9rature verte \u00bb, qui s\u2019int\u00e9resse au rapport entre les rapports interdisciplinaires entre la litt\u00e9rature et l\u2019environnement. A l\u2019appui de cette approche th\u00e9orique, nous nous int\u00e9ressons aux diverses modalit\u00e9s de l\u2019inscription de l\u2019environnement dans le texte litt\u00e9raire. Quelles sont les diff\u00e9rentes repr\u00e9sentations de l\u2019environnement par le texte litt\u00e9raire, dans le roman africain ?       <br \/>\nAfin de r\u00e9pondre \u00e0 l\u2019ensemble de ces questions, nous avons fait une s\u00e9lection de romans africains qui font de la nature leur sujet favori<\/p>\n","protected":false},"author":1119,"featured_media":0,"template":"","meta":{"_acf_changed":false,"_et_pb_use_builder":"","_et_pb_old_content":"","_et_gb_content_width":"","footnotes":""},"ciea":[87],"class_list":["post-5971","comunicacion","type-comunicacion","status-publish","hentry","ciea-ciea12"],"acf":[],"_links":{"self":[{"href":"https:\/\/redestudiosafricanos.org\/fr\/wp-json\/wp\/v2\/comunicacion\/5971","targetHints":{"allow":["GET"]}}],"collection":[{"href":"https:\/\/redestudiosafricanos.org\/fr\/wp-json\/wp\/v2\/comunicacion"}],"about":[{"href":"https:\/\/redestudiosafricanos.org\/fr\/wp-json\/wp\/v2\/types\/comunicacion"}],"author":[{"embeddable":true,"href":"https:\/\/redestudiosafricanos.org\/fr\/wp-json\/wp\/v2\/users\/1119"}],"version-history":[{"count":1,"href":"https:\/\/redestudiosafricanos.org\/fr\/wp-json\/wp\/v2\/comunicacion\/5971\/revisions"}],"predecessor-version":[{"id":5972,"href":"https:\/\/redestudiosafricanos.org\/fr\/wp-json\/wp\/v2\/comunicacion\/5971\/revisions\/5972"}],"wp:attachment":[{"href":"https:\/\/redestudiosafricanos.org\/fr\/wp-json\/wp\/v2\/media?parent=5971"}],"wp:term":[{"taxonomy":"ciea","embeddable":true,"href":"https:\/\/redestudiosafricanos.org\/fr\/wp-json\/wp\/v2\/ciea?post=5971"}],"curies":[{"name":"wp","href":"https:\/\/api.w.org\/{rel}","templated":true}]}}