{"id":6696,"date":"2024-09-30T17:02:17","date_gmt":"2024-09-30T15:02:17","guid":{"rendered":"https:\/\/redestudiosafricanos.org\/?post_type=comunicacion&#038;p=6696"},"modified":"2024-10-07T11:42:05","modified_gmt":"2024-10-07T09:42:05","slug":"canariedad-migraciones-y-blanquitud-desde-un-enfoque-antropologico","status":"publish","type":"comunicacion","link":"https:\/\/redestudiosafricanos.org\/fr\/comunicacion\/canariedad-migraciones-y-blanquitud-desde-un-enfoque-antropologico\/","title":{"rendered":"Canariedad, migraciones y blanquitud desde un enfoque antropol\u00f3gico."},"content":{"rendered":"<p>A partir del registro etnogr\u00e1fico de una serie de  eventos tales como, manifestaciones; charlas; mesas redondas; talleres; seminarios; jornadas y festivales ocurridos en Tenerife y Gran Canaria, entre los a\u00f1os  2017 y 2022, reflexiono en esta comunicaci\u00f3n sobre la reconfiguraci\u00f3n de la identidad canaria y sus implicaciones desde una perspectiva decolonial. Para llevar adelante este objetivo, realizo en primer lugar una contextualizaci\u00f3n del escenario migratorio actual, caracterizado por la aplicaci\u00f3n de sofisticadas medidas de control sobre migrantes y refugiados provenientes del continente africano. Este proceso se ha caracterizado tanto por el despliegue y la intensificaci\u00f3n de los mecanismos de control, expulsi\u00f3n y encerramiento de la inmigraci\u00f3n \u2018irregular\u2019, como por la transformaci\u00f3n de una pol\u00edtica migratoria en la que, en cierto modo, se permit\u00eda un tr\u00e1nsito entre el Archipi\u00e9lago y la Pen\u00ednsula Ib\u00e9rica, a otra en la que prima el bloqueo y la detenci\u00f3n de migrantes en inh\u00f3spitos centros de acogimiento. Seguidamente, repienso la cuesti\u00f3n de la identidad canaria en relaci\u00f3n con la llegada y el acogimiento de  migrantes y refugiados provenientes del continente africano. Por \u00faltimo, se presentan algunas conclusiones que apuntan cierta reconfiguraci\u00f3n de la identidad canaria. Por una parte, atendiendo a los cambios relacionados con el despliegue y la intensificaci\u00f3n de los mecanismos de control, expulsi\u00f3n y encerramiento de la inmigraci\u00f3n \u2018irregular\u2019, as\u00ed como con la transformaci\u00f3n de una pol\u00edtica migratoria en la que prima el bloqueo y la detenci\u00f3n de migrantes en inh\u00f3spitos centros de acogimiento. Por otra, al mantenimiento de una identidad velada bajo la idea de blancura.<\/p>\n","protected":false},"author":58,"featured_media":0,"template":"","meta":{"_acf_changed":false,"_et_pb_use_builder":"","_et_pb_old_content":"","_et_gb_content_width":"","footnotes":""},"ciea":[87],"class_list":["post-6696","comunicacion","type-comunicacion","status-publish","hentry","ciea-ciea12"],"acf":[],"_links":{"self":[{"href":"https:\/\/redestudiosafricanos.org\/fr\/wp-json\/wp\/v2\/comunicacion\/6696","targetHints":{"allow":["GET"]}}],"collection":[{"href":"https:\/\/redestudiosafricanos.org\/fr\/wp-json\/wp\/v2\/comunicacion"}],"about":[{"href":"https:\/\/redestudiosafricanos.org\/fr\/wp-json\/wp\/v2\/types\/comunicacion"}],"author":[{"embeddable":true,"href":"https:\/\/redestudiosafricanos.org\/fr\/wp-json\/wp\/v2\/users\/58"}],"version-history":[{"count":1,"href":"https:\/\/redestudiosafricanos.org\/fr\/wp-json\/wp\/v2\/comunicacion\/6696\/revisions"}],"predecessor-version":[{"id":6697,"href":"https:\/\/redestudiosafricanos.org\/fr\/wp-json\/wp\/v2\/comunicacion\/6696\/revisions\/6697"}],"wp:attachment":[{"href":"https:\/\/redestudiosafricanos.org\/fr\/wp-json\/wp\/v2\/media?parent=6696"}],"wp:term":[{"taxonomy":"ciea","embeddable":true,"href":"https:\/\/redestudiosafricanos.org\/fr\/wp-json\/wp\/v2\/ciea?post=6696"}],"curies":[{"name":"wp","href":"https:\/\/api.w.org\/{rel}","templated":true}]}}